{"id":1389,"date":"2022-01-20T14:29:47","date_gmt":"2022-01-20T13:29:47","guid":{"rendered":"https:\/\/fredericchaine.com\/calendrier\/"},"modified":"2026-04-07T07:48:08","modified_gmt":"2026-04-07T06:48:08","slug":"calendrier","status":"publish","type":"page","link":"https:\/\/fredericchaine.com\/fr\/calendrier\/","title":{"rendered":"Calendrier"},"content":{"rendered":"\t\t<div data-elementor-type=\"wp-page\" data-elementor-id=\"1389\" class=\"elementor elementor-1389 elementor-913\" data-elementor-post-type=\"page\">\n\t\t\t\t\t\t<section class=\"elementor-section elementor-top-section elementor-element elementor-element-5643add9 elementor-section-boxed elementor-section-height-default elementor-section-height-default\" data-id=\"5643add9\" data-element_type=\"section\" data-e-type=\"section\" data-settings=\"{&quot;background_background&quot;:&quot;classic&quot;}\">\n\t\t\t\t\t\t\t<div class=\"elementor-background-overlay\"><\/div>\n\t\t\t\t\t\t\t<div class=\"elementor-container elementor-column-gap-no\">\n\t\t\t\t\t<div class=\"elementor-column elementor-col-100 elementor-top-column elementor-element elementor-element-559c5f75\" data-id=\"559c5f75\" data-element_type=\"column\" data-e-type=\"column\" data-settings=\"{&quot;background_background&quot;:&quot;classic&quot;}\">\n\t\t\t<div class=\"elementor-widget-wrap elementor-element-populated\">\n\t\t\t\t\t\t<div class=\"elementor-element elementor-element-d1c45e0 elementor-widget elementor-widget-heading\" data-id=\"d1c45e0\" data-element_type=\"widget\" data-e-type=\"widget\" data-widget_type=\"heading.default\">\n\t\t\t\t<div class=\"elementor-widget-container\">\n\t\t\t\t\t<h2 class=\"elementor-heading-title elementor-size-default\">Calendrier<\/h2>\t\t\t\t<\/div>\n\t\t\t\t<\/div>\n\t\t\t\t\t<\/div>\n\t\t<\/div>\n\t\t\t\t\t<\/div>\n\t\t<\/section>\n\t\t\t\t<section class=\"elementor-section elementor-top-section elementor-element elementor-element-39a36e70 elementor-section-boxed elementor-section-height-default elementor-section-height-default\" data-id=\"39a36e70\" data-element_type=\"section\" data-e-type=\"section\">\n\t\t\t\t\t\t<div class=\"elementor-container elementor-column-gap-no\">\n\t\t\t\t\t<div class=\"elementor-column elementor-col-100 elementor-top-column elementor-element elementor-element-31e204ef\" data-id=\"31e204ef\" data-element_type=\"column\" data-e-type=\"column\">\n\t\t\t<div class=\"elementor-widget-wrap elementor-element-populated\">\n\t\t\t\t\t\t<section class=\"elementor-section elementor-inner-section elementor-element elementor-element-fec5547 elementor-section-boxed elementor-section-height-default elementor-section-height-default\" data-id=\"fec5547\" data-element_type=\"section\" data-e-type=\"section\">\n\t\t\t\t\t\t<div class=\"elementor-container elementor-column-gap-no\">\n\t\t\t\t\t<div class=\"elementor-column elementor-col-50 elementor-inner-column elementor-element elementor-element-e9de53b\" data-id=\"e9de53b\" data-element_type=\"column\" data-e-type=\"column\">\n\t\t\t<div class=\"elementor-widget-wrap elementor-element-populated\">\n\t\t\t\t\t\t<div class=\"elementor-element elementor-element-9b47971 elementor-widget elementor-widget-text-editor\" data-id=\"9b47971\" data-element_type=\"widget\" data-e-type=\"widget\" data-widget_type=\"text-editor.default\">\n\t\t\t\t<div class=\"elementor-widget-container\">\n\t\t\t\t\t\t\t\t\t<p><strong>13 Novembre<\/strong><\/p><p><strong>13h30 et 20h00<\/strong><\/p><p><strong>2026<\/strong><\/p>\t\t\t\t\t\t\t\t<\/div>\n\t\t\t\t<\/div>\n\t\t\t\t\t<\/div>\n\t\t<\/div>\n\t\t\t\t<div class=\"elementor-column elementor-col-50 elementor-inner-column elementor-element elementor-element-2fdf2eb\" data-id=\"2fdf2eb\" data-element_type=\"column\" data-e-type=\"column\">\n\t\t\t<div class=\"elementor-widget-wrap elementor-element-populated\">\n\t\t\t\t\t\t<div class=\"elementor-element elementor-element-17cb374 elementor-widget elementor-widget-text-editor\" data-id=\"17cb374\" data-element_type=\"widget\" data-e-type=\"widget\" data-widget_type=\"text-editor.default\">\n\t\t\t\t<div class=\"elementor-widget-container\">\n\t\t\t\t\t\t\t\t\t<p><strong>L\u2019Ensemble Orchestral Europ\u00e9en<\/strong><\/p><p><span style=\"font-weight: 400;\">Les Secrets d\u2019un Op\u00e9ra : La Fl\u00fbte enchant\u00e9e<\/span><\/p><p><span style=\"font-weight: 400;\">Direction, Fr\u00e9d\u00e9ric Chaine<\/span><\/p><p><span style=\"font-weight: 400;\">W:Halll<\/span><\/p><p><strong>Av. Charles Thielemans 93, 1150 Woluwe-Saint-Pierre <\/strong><\/p>\t\t\t\t\t\t\t\t<\/div>\n\t\t\t\t<\/div>\n\t\t\t\t\t<\/div>\n\t\t<\/div>\n\t\t\t\t\t<\/div>\n\t\t<\/section>\n\t\t\t\t<section class=\"elementor-section elementor-inner-section elementor-element elementor-element-22e7b02 elementor-section-boxed elementor-section-height-default elementor-section-height-default\" data-id=\"22e7b02\" data-element_type=\"section\" data-e-type=\"section\">\n\t\t\t\t\t\t<div class=\"elementor-container elementor-column-gap-no\">\n\t\t\t\t\t<div class=\"elementor-column elementor-col-50 elementor-inner-column elementor-element elementor-element-78fcea6\" data-id=\"78fcea6\" data-element_type=\"column\" data-e-type=\"column\">\n\t\t\t<div class=\"elementor-widget-wrap elementor-element-populated\">\n\t\t\t\t\t\t<div class=\"elementor-element elementor-element-8c8a217 elementor-widget elementor-widget-text-editor\" data-id=\"8c8a217\" data-element_type=\"widget\" data-e-type=\"widget\" data-widget_type=\"text-editor.default\">\n\t\t\t\t<div class=\"elementor-widget-container\">\n\t\t\t\t\t\t\t\t\t<p><strong>3 Octobre<\/strong><\/p><p><strong>20h30<\/strong><\/p><p><strong>2026<\/strong><\/p>\t\t\t\t\t\t\t\t<\/div>\n\t\t\t\t<\/div>\n\t\t\t\t\t<\/div>\n\t\t<\/div>\n\t\t\t\t<div class=\"elementor-column elementor-col-50 elementor-inner-column elementor-element elementor-element-6ff4bf3\" data-id=\"6ff4bf3\" data-element_type=\"column\" data-e-type=\"column\">\n\t\t\t<div class=\"elementor-widget-wrap elementor-element-populated\">\n\t\t\t\t\t\t<div class=\"elementor-element elementor-element-5f0add4 elementor-widget elementor-widget-text-editor\" data-id=\"5f0add4\" data-element_type=\"widget\" data-e-type=\"widget\" data-widget_type=\"text-editor.default\">\n\t\t\t\t<div class=\"elementor-widget-container\">\n\t\t\t\t\t\t\t\t\t<p><strong>Ch\u0153ur Cantabile<\/strong><\/p><p><span style=\"font-weight: 400;\">Stabat Mater <\/span><span style=\"font-weight: 400;\">Dvo\u0159\u00e1k<\/span><\/p><p><span style=\"font-weight: 400;\">Direction, Fr\u00e9d\u00e9ric Chaine<\/span><\/p><p><span style=\"font-weight: 400;\">Coll\u00e9giale de Villeneuve lez Avignon<\/span><\/p><p><strong>Place Meissonnier, 30400 Villeneuve-l\u00e8s-Avignon<\/strong><\/p>\t\t\t\t\t\t\t\t<\/div>\n\t\t\t\t<\/div>\n\t\t\t\t\t<\/div>\n\t\t<\/div>\n\t\t\t\t\t<\/div>\n\t\t<\/section>\n\t\t\t\t<section class=\"elementor-section elementor-inner-section elementor-element elementor-element-ed94678 elementor-section-boxed elementor-section-height-default elementor-section-height-default\" data-id=\"ed94678\" data-element_type=\"section\" data-e-type=\"section\">\n\t\t\t\t\t\t<div class=\"elementor-container elementor-column-gap-no\">\n\t\t\t\t\t<div class=\"elementor-column elementor-col-50 elementor-inner-column elementor-element elementor-element-996b539\" data-id=\"996b539\" data-element_type=\"column\" data-e-type=\"column\">\n\t\t\t<div class=\"elementor-widget-wrap elementor-element-populated\">\n\t\t\t\t\t\t<div class=\"elementor-element elementor-element-2386d72 elementor-widget elementor-widget-text-editor\" data-id=\"2386d72\" data-element_type=\"widget\" data-e-type=\"widget\" data-widget_type=\"text-editor.default\">\n\t\t\t\t<div class=\"elementor-widget-container\">\n\t\t\t\t\t\t\t\t\t<p><strong>30 Septembre<\/strong><\/p><p><strong>19h30<\/strong><\/p><p><strong>2026<\/strong><\/p>\t\t\t\t\t\t\t\t<\/div>\n\t\t\t\t<\/div>\n\t\t\t\t\t<\/div>\n\t\t<\/div>\n\t\t\t\t<div class=\"elementor-column elementor-col-50 elementor-inner-column elementor-element elementor-element-8fc27a6\" data-id=\"8fc27a6\" data-element_type=\"column\" data-e-type=\"column\">\n\t\t\t<div class=\"elementor-widget-wrap elementor-element-populated\">\n\t\t\t\t\t\t<div class=\"elementor-element elementor-element-6b48d20 elementor-widget elementor-widget-text-editor\" data-id=\"6b48d20\" data-element_type=\"widget\" data-e-type=\"widget\" data-widget_type=\"text-editor.default\">\n\t\t\t\t<div class=\"elementor-widget-container\">\n\t\t\t\t\t\t\t\t\t<p><strong>Fr\u00e9d\u00e9ric Chaine Quartet invite Florin Niculescu<\/strong><\/p><p><span style=\"font-weight: 400;\">Violons, Florin Niculescu et Fr\u00e9d\u00e9ric Chaine<\/span><\/p><p><span style=\"font-weight: 400;\">Guitare, Rafael Gouirand<\/span><\/p><p><span style=\"font-weight: 400;\">Contrebasse, Vilmos Csikos<\/span><\/p><p><span style=\"font-weight: 400;\">Royal International Club Sainte-Anne<\/span><\/p><p><a href=\"https:\/\/www.chateau-sainte-anne.be\/\" target=\"_blank\" rel=\"noopener\">Plus d&rsquo;information ici<\/a><\/p><p><strong>Rue du Vieux Moulin 103 &#8211; 1160 Brussels<\/strong><\/p>\t\t\t\t\t\t\t\t<\/div>\n\t\t\t\t<\/div>\n\t\t\t\t\t<\/div>\n\t\t<\/div>\n\t\t\t\t\t<\/div>\n\t\t<\/section>\n\t\t\t\t<section class=\"elementor-section elementor-inner-section elementor-element elementor-element-b697298 elementor-section-boxed elementor-section-height-default elementor-section-height-default\" data-id=\"b697298\" data-element_type=\"section\" data-e-type=\"section\">\n\t\t\t\t\t\t<div class=\"elementor-container elementor-column-gap-no\">\n\t\t\t\t\t<div class=\"elementor-column elementor-col-50 elementor-inner-column elementor-element elementor-element-e9ff7e9\" data-id=\"e9ff7e9\" data-element_type=\"column\" data-e-type=\"column\">\n\t\t\t<div class=\"elementor-widget-wrap elementor-element-populated\">\n\t\t\t\t\t\t<div class=\"elementor-element elementor-element-62ac9f9 elementor-widget elementor-widget-text-editor\" data-id=\"62ac9f9\" data-element_type=\"widget\" data-e-type=\"widget\" data-widget_type=\"text-editor.default\">\n\t\t\t\t<div class=\"elementor-widget-container\">\n\t\t\t\t\t\t\t\t\t<p><strong>11 Mai<\/strong><\/p><p><strong>10h00<\/strong><\/p><p><strong>2026<\/strong><\/p>\t\t\t\t\t\t\t\t<\/div>\n\t\t\t\t<\/div>\n\t\t\t\t\t<\/div>\n\t\t<\/div>\n\t\t\t\t<div class=\"elementor-column elementor-col-50 elementor-inner-column elementor-element elementor-element-5d3799c\" data-id=\"5d3799c\" data-element_type=\"column\" data-e-type=\"column\">\n\t\t\t<div class=\"elementor-widget-wrap elementor-element-populated\">\n\t\t\t\t\t\t<div class=\"elementor-element elementor-element-cd335c6 elementor-widget elementor-widget-text-editor\" data-id=\"cd335c6\" data-element_type=\"widget\" data-e-type=\"widget\" data-widget_type=\"text-editor.default\">\n\t\t\t\t<div class=\"elementor-widget-container\">\n\t\t\t\t\t\t\t\t\t<p><strong>L\u2019Ensemble Orchestral Europ\u00e9en<\/strong><\/p><p><span style=\"font-weight: 400;\">Les Secrets d\u2019un Op\u00e9ra : La Fl\u00fbte enchant\u00e9e<\/span><\/p><p><span style=\"font-weight: 400;\">Direction, Fr\u00e9d\u00e9ric Chaine<\/span><\/p><p><span style=\"font-weight: 400;\">La Maison qui Chante<\/span><\/p><p><strong>Rue du Viaduc 122, 1050 Ixelles<\/strong><\/p>\t\t\t\t\t\t\t\t<\/div>\n\t\t\t\t<\/div>\n\t\t\t\t\t<\/div>\n\t\t<\/div>\n\t\t\t\t\t<\/div>\n\t\t<\/section>\n\t\t\t\t<section class=\"elementor-section elementor-inner-section elementor-element elementor-element-6f6f180 elementor-section-boxed elementor-section-height-default elementor-section-height-default\" data-id=\"6f6f180\" data-element_type=\"section\" data-e-type=\"section\">\n\t\t\t\t\t\t<div class=\"elementor-container elementor-column-gap-no\">\n\t\t\t\t\t<div class=\"elementor-column elementor-col-50 elementor-inner-column elementor-element elementor-element-bca28fb\" data-id=\"bca28fb\" data-element_type=\"column\" data-e-type=\"column\">\n\t\t\t<div class=\"elementor-widget-wrap elementor-element-populated\">\n\t\t\t\t\t\t<div class=\"elementor-element elementor-element-701157b elementor-widget elementor-widget-text-editor\" data-id=\"701157b\" data-element_type=\"widget\" data-e-type=\"widget\" data-widget_type=\"text-editor.default\">\n\t\t\t\t<div class=\"elementor-widget-container\">\n\t\t\t\t\t\t\t\t\t<p><strong>24 Avril<\/strong><\/p><p><strong>19h30<\/strong><\/p><p><strong>2026<\/strong><\/p>\t\t\t\t\t\t\t\t<\/div>\n\t\t\t\t<\/div>\n\t\t\t\t\t<\/div>\n\t\t<\/div>\n\t\t\t\t<div class=\"elementor-column elementor-col-50 elementor-inner-column elementor-element elementor-element-199fdf3\" data-id=\"199fdf3\" data-element_type=\"column\" data-e-type=\"column\">\n\t\t\t<div class=\"elementor-widget-wrap elementor-element-populated\">\n\t\t\t\t\t\t<div class=\"elementor-element elementor-element-baf0cd3 elementor-widget elementor-widget-text-editor\" data-id=\"baf0cd3\" data-element_type=\"widget\" data-e-type=\"widget\" data-widget_type=\"text-editor.default\">\n\t\t\t\t<div class=\"elementor-widget-container\">\n\t\t\t\t\t\t\t\t\t<p><strong>L\u2019Ensemble Orchestral Europ\u00e9en<\/strong><\/p><p><span style=\"font-weight: 400;\">Take the Swing Train<\/span><\/p><p><span style=\"font-weight: 400;\">Direction, Fr\u00e9d\u00e9ric Chaine<\/span><\/p><p><span style=\"font-weight: 400;\">Violon, Florin Niculescu<\/span><\/p><p><span style=\"font-weight: 400;\">Guitars, Yves Brouqui et Rafael Gouirand<\/span><\/p><p><span style=\"font-weight: 400;\">Contrebasse, Boris Schmidt<\/span><\/p><p><span style=\"font-weight: 400;\">Grand Hall de la Bourse de Bruxelles<\/span><\/p><p><a href=\"https:\/\/www.bruxelles.be\/concert-take-swing-train\" target=\"_blank\" rel=\"noopener\">Plus d&rsquo;information ici<\/a><\/p><p><strong>Place de la Bourse, 1000 Brussels<\/strong><\/p>\t\t\t\t\t\t\t\t<\/div>\n\t\t\t\t<\/div>\n\t\t\t\t\t<\/div>\n\t\t<\/div>\n\t\t\t\t\t<\/div>\n\t\t<\/section>\n\t\t\t\t<section class=\"elementor-section elementor-inner-section elementor-element elementor-element-bb63c10 elementor-section-boxed elementor-section-height-default elementor-section-height-default\" data-id=\"bb63c10\" data-element_type=\"section\" data-e-type=\"section\">\n\t\t\t\t\t\t<div class=\"elementor-container elementor-column-gap-no\">\n\t\t\t\t\t<div class=\"elementor-column elementor-col-50 elementor-inner-column elementor-element elementor-element-f529900\" data-id=\"f529900\" data-element_type=\"column\" data-e-type=\"column\">\n\t\t\t<div class=\"elementor-widget-wrap elementor-element-populated\">\n\t\t\t\t\t\t<div class=\"elementor-element elementor-element-cdf12e5 elementor-widget elementor-widget-text-editor\" data-id=\"cdf12e5\" data-element_type=\"widget\" data-e-type=\"widget\" data-widget_type=\"text-editor.default\">\n\t\t\t\t<div class=\"elementor-widget-container\">\n\t\t\t\t\t\t\t\t\t<p><strong>12 Avril<\/strong><\/p><p><strong>20h30<\/strong><\/p><p><strong>2026<\/strong><\/p>\t\t\t\t\t\t\t\t<\/div>\n\t\t\t\t<\/div>\n\t\t\t\t\t<\/div>\n\t\t<\/div>\n\t\t\t\t<div class=\"elementor-column elementor-col-50 elementor-inner-column elementor-element elementor-element-9cbf0b8\" data-id=\"9cbf0b8\" data-element_type=\"column\" data-e-type=\"column\">\n\t\t\t<div class=\"elementor-widget-wrap elementor-element-populated\">\n\t\t\t\t\t\t<div class=\"elementor-element elementor-element-b27528c elementor-widget elementor-widget-text-editor\" data-id=\"b27528c\" data-element_type=\"widget\" data-e-type=\"widget\" data-widget_type=\"text-editor.default\">\n\t\t\t\t<div class=\"elementor-widget-container\">\n\t\t\t\t\t\t\t\t\t<p><strong>Fr\u00e9d\u00e9ric Chaine Quartet <\/strong><\/p><p><span style=\"font-weight: 400;\">Violon, Fr\u00e9d\u00e9ric Chaine<\/span><\/p><p><span style=\"font-weight: 400;\">Guitares, Rafael Gouirand et Fr\u00e9d\u00e9ric Gu\u00e9don<\/span><\/p><p><span style=\"font-weight: 400;\">Contrebasse, Vilmos Csikos<\/span><\/p><p><span style=\"font-weight: 400;\">The Music Village<\/span><\/p><p><strong>50 rue des pierres, 1000 Bruxelles<\/strong><\/p><p><a href=\"https:\/\/www.themusicvillage.com\/fr\/concerts\/2026-04-12-20-30\" target=\"_blank\" rel=\"noopener\">Plus d&rsquo;information ici<\/a><\/p>\t\t\t\t\t\t\t\t<\/div>\n\t\t\t\t<\/div>\n\t\t\t\t\t<\/div>\n\t\t<\/div>\n\t\t\t\t\t<\/div>\n\t\t<\/section>\n\t\t\t\t<section class=\"elementor-section elementor-inner-section elementor-element elementor-element-af34e88 elementor-section-boxed elementor-section-height-default elementor-section-height-default\" data-id=\"af34e88\" data-element_type=\"section\" data-e-type=\"section\">\n\t\t\t\t\t\t<div class=\"elementor-container elementor-column-gap-no\">\n\t\t\t\t\t<div class=\"elementor-column elementor-col-50 elementor-inner-column elementor-element elementor-element-6a1b357\" data-id=\"6a1b357\" data-element_type=\"column\" data-e-type=\"column\">\n\t\t\t<div class=\"elementor-widget-wrap elementor-element-populated\">\n\t\t\t\t\t\t<div class=\"elementor-element elementor-element-cbc0721 elementor-widget elementor-widget-text-editor\" data-id=\"cbc0721\" data-element_type=\"widget\" data-e-type=\"widget\" data-widget_type=\"text-editor.default\">\n\t\t\t\t<div class=\"elementor-widget-container\">\n\t\t\t\t\t\t\t\t\t<p><strong>25 Janvier<\/strong><\/p><p><strong>20h30<\/strong><\/p><p><strong>2026<\/strong><\/p>\t\t\t\t\t\t\t\t<\/div>\n\t\t\t\t<\/div>\n\t\t\t\t\t<\/div>\n\t\t<\/div>\n\t\t\t\t<div class=\"elementor-column elementor-col-50 elementor-inner-column elementor-element elementor-element-92f6a06\" data-id=\"92f6a06\" data-element_type=\"column\" data-e-type=\"column\">\n\t\t\t<div class=\"elementor-widget-wrap elementor-element-populated\">\n\t\t\t\t\t\t<div class=\"elementor-element elementor-element-e9f4a16 elementor-widget elementor-widget-text-editor\" data-id=\"e9f4a16\" data-element_type=\"widget\" data-e-type=\"widget\" data-widget_type=\"text-editor.default\">\n\t\t\t\t<div class=\"elementor-widget-container\">\n\t\t\t\t\t\t\t\t\t<p><strong>Fr\u00e9d\u00e9ric Chaine Quartet <\/strong><\/p><p><span style=\"font-weight: 400;\">Violon, Fr\u00e9d\u00e9ric Chaine<\/span><\/p><p><span style=\"font-weight: 400;\">Guitares, Rafael Gouirand et Fr\u00e9d\u00e9ric Gu\u00e9don<\/span><\/p><p><span style=\"font-weight: 400;\">Contrebasse, Vilmos Csikos<\/span><\/p><p><span style=\"font-weight: 400;\">The Music Village<\/span><\/p><p><strong>50 rue des pierres, 1000 Bruxelles<\/strong><\/p><p><a href=\"https:\/\/themusicvillage.com\/program-2\/?lang=fr\" target=\"_blank\" rel=\"noopener\">Plus d&rsquo;information ici<\/a><\/p>\t\t\t\t\t\t\t\t<\/div>\n\t\t\t\t<\/div>\n\t\t\t\t\t<\/div>\n\t\t<\/div>\n\t\t\t\t\t<\/div>\n\t\t<\/section>\n\t\t\t\t<section class=\"elementor-section elementor-inner-section elementor-element elementor-element-8e9b69e elementor-section-boxed elementor-section-height-default elementor-section-height-default\" data-id=\"8e9b69e\" data-element_type=\"section\" data-e-type=\"section\">\n\t\t\t\t\t\t<div class=\"elementor-container elementor-column-gap-no\">\n\t\t\t\t\t<div class=\"elementor-column elementor-col-50 elementor-inner-column elementor-element elementor-element-457d697\" data-id=\"457d697\" data-element_type=\"column\" data-e-type=\"column\">\n\t\t\t<div class=\"elementor-widget-wrap elementor-element-populated\">\n\t\t\t\t\t\t<div class=\"elementor-element elementor-element-9ac8aca elementor-widget elementor-widget-text-editor\" data-id=\"9ac8aca\" data-element_type=\"widget\" data-e-type=\"widget\" data-widget_type=\"text-editor.default\">\n\t\t\t\t<div class=\"elementor-widget-container\">\n\t\t\t\t\t\t\t\t\t<p><strong>22 Novembre<\/strong><\/p><p><strong>20h30<\/strong><\/p><p><strong>2025<\/strong><\/p>\t\t\t\t\t\t\t\t<\/div>\n\t\t\t\t<\/div>\n\t\t\t\t\t<\/div>\n\t\t<\/div>\n\t\t\t\t<div class=\"elementor-column elementor-col-50 elementor-inner-column elementor-element elementor-element-a8b6fae\" data-id=\"a8b6fae\" data-element_type=\"column\" data-e-type=\"column\">\n\t\t\t<div class=\"elementor-widget-wrap elementor-element-populated\">\n\t\t\t\t\t\t<div class=\"elementor-element elementor-element-91d8df4 elementor-widget elementor-widget-text-editor\" data-id=\"91d8df4\" data-element_type=\"widget\" data-e-type=\"widget\" data-widget_type=\"text-editor.default\">\n\t\t\t\t<div class=\"elementor-widget-container\">\n\t\t\t\t\t\t\t\t\t<p><strong>Choeur Cantabile, <\/strong><\/p><p><span style=\"font-weight: 400;\">Schumann, <\/span><\/p><p><span style=\"font-weight: 400;\">Direction, Fr\u00e9d\u00e9ric Chaine<\/span><\/p><p><span style=\"font-weight: 400;\">Coll\u00e9giale de Villeneuve lez Avignon<\/span><\/p><p><strong>Place Meissonnier, 30400 Villeneuve-l\u00e8s-Avignon<\/strong><\/p>\t\t\t\t\t\t\t\t<\/div>\n\t\t\t\t<\/div>\n\t\t\t\t\t<\/div>\n\t\t<\/div>\n\t\t\t\t\t<\/div>\n\t\t<\/section>\n\t\t\t\t<section class=\"elementor-section elementor-inner-section elementor-element elementor-element-53d1120 elementor-section-boxed elementor-section-height-default elementor-section-height-default\" data-id=\"53d1120\" data-element_type=\"section\" data-e-type=\"section\">\n\t\t\t\t\t\t<div class=\"elementor-container elementor-column-gap-no\">\n\t\t\t\t\t<div class=\"elementor-column elementor-col-50 elementor-inner-column elementor-element elementor-element-a23ad4c\" data-id=\"a23ad4c\" data-element_type=\"column\" data-e-type=\"column\">\n\t\t\t<div class=\"elementor-widget-wrap elementor-element-populated\">\n\t\t\t\t\t\t<div class=\"elementor-element elementor-element-8b227cf elementor-widget elementor-widget-text-editor\" data-id=\"8b227cf\" data-element_type=\"widget\" data-e-type=\"widget\" data-widget_type=\"text-editor.default\">\n\t\t\t\t<div class=\"elementor-widget-container\">\n\t\t\t\t\t\t\t\t\t<p><strong>20 Novembre<\/strong><\/p><p><strong>19h00<\/strong><\/p><p><strong>2025<\/strong><\/p>\t\t\t\t\t\t\t\t<\/div>\n\t\t\t\t<\/div>\n\t\t\t\t\t<\/div>\n\t\t<\/div>\n\t\t\t\t<div class=\"elementor-column elementor-col-50 elementor-inner-column elementor-element elementor-element-cb1f47c\" data-id=\"cb1f47c\" data-element_type=\"column\" data-e-type=\"column\">\n\t\t\t<div class=\"elementor-widget-wrap elementor-element-populated\">\n\t\t\t\t\t\t<div class=\"elementor-element elementor-element-d6d20d2 elementor-widget elementor-widget-text-editor\" data-id=\"d6d20d2\" data-element_type=\"widget\" data-e-type=\"widget\" data-widget_type=\"text-editor.default\">\n\t\t\t\t<div class=\"elementor-widget-container\">\n\t\t\t\t\t\t\t\t\t<p><strong>Fr\u00e9d\u00e9ric Chaine Quartet <\/strong><\/p><p><span style=\"font-weight: 400;\">Violon, Fr\u00e9d\u00e9ric Chaine<\/span><\/p><p><span style=\"font-weight: 400;\">Guitares, Sam Opstaele et Fr\u00e9d\u00e9ric Gu\u00e9don<\/span><\/p><p><span style=\"font-weight: 400;\">Contrebasse, Vilmos Csikos<\/span><\/p><p><span style=\"font-weight: 400;\">Renaissance Brussels Hotel<\/span><\/p><p><a href=\"https:\/\/www.eventbrite.com\/e\/renaissance-day-of-discovery-tickets-1837859159219?aff=oddtdtcreator\" target=\"_blank\" rel=\"noopener\"><span style=\"font-weight: 400;\">Renaissance Day of Discovery Tickets, Thu, Nov 20, 2025 at 6:00 PM | Eventbrite<\/span><\/a><\/p><p><strong>Rue du Parnasse 19, 1050 Brussels<\/strong><\/p>\t\t\t\t\t\t\t\t<\/div>\n\t\t\t\t<\/div>\n\t\t\t\t\t<\/div>\n\t\t<\/div>\n\t\t\t\t\t<\/div>\n\t\t<\/section>\n\t\t\t\t<section class=\"elementor-section elementor-inner-section elementor-element elementor-element-8c3e564 elementor-section-boxed elementor-section-height-default elementor-section-height-default\" data-id=\"8c3e564\" data-element_type=\"section\" data-e-type=\"section\">\n\t\t\t\t\t\t<div class=\"elementor-container elementor-column-gap-no\">\n\t\t\t\t\t<div class=\"elementor-column elementor-col-50 elementor-inner-column elementor-element elementor-element-a1a5d83\" data-id=\"a1a5d83\" data-element_type=\"column\" data-e-type=\"column\">\n\t\t\t<div class=\"elementor-widget-wrap elementor-element-populated\">\n\t\t\t\t\t\t<div class=\"elementor-element elementor-element-bfcf1b2 elementor-widget elementor-widget-text-editor\" data-id=\"bfcf1b2\" data-element_type=\"widget\" data-e-type=\"widget\" data-widget_type=\"text-editor.default\">\n\t\t\t\t<div class=\"elementor-widget-container\">\n\t\t\t\t\t\t\t\t\t<p><strong>15 Novembre<\/strong><\/p><p><strong>19h00<\/strong><\/p><p><strong>2025<\/strong><\/p>\t\t\t\t\t\t\t\t<\/div>\n\t\t\t\t<\/div>\n\t\t\t\t\t<\/div>\n\t\t<\/div>\n\t\t\t\t<div class=\"elementor-column elementor-col-50 elementor-inner-column elementor-element elementor-element-a3dd717\" data-id=\"a3dd717\" data-element_type=\"column\" data-e-type=\"column\">\n\t\t\t<div class=\"elementor-widget-wrap elementor-element-populated\">\n\t\t\t\t\t\t<div class=\"elementor-element elementor-element-97f6eb1 elementor-widget elementor-widget-text-editor\" data-id=\"97f6eb1\" data-element_type=\"widget\" data-e-type=\"widget\" data-widget_type=\"text-editor.default\">\n\t\t\t\t<div class=\"elementor-widget-container\">\n\t\t\t\t\t\t\t\t\t<p><strong>Fr\u00e9d\u00e9ric Chaine Quartet <\/strong><\/p><p><span style=\"font-weight: 400;\">Violon, Fr\u00e9d\u00e9ric Chaine<\/span><\/p><p><span style=\"font-weight: 400;\">Guitares, Rafael Gouirand et Fr\u00e9d\u00e9ric Gu\u00e9don<\/span><\/p><p><span style=\"font-weight: 400;\">Contrebasse, Vilmos Csikos<\/span><\/p><p><span style=\"font-weight: 400;\">L&rsquo;Automne Jazz Rendez-vous<\/span><\/p><p><span style=\"font-weight: 400;\">Atelier musical<\/span><\/p><p><strong>Place Roi Baudouin 6 \u00e0 Bois d&rsquo;Haine, 7170 Manage<\/strong><\/p>\t\t\t\t\t\t\t\t<\/div>\n\t\t\t\t<\/div>\n\t\t\t\t\t<\/div>\n\t\t<\/div>\n\t\t\t\t\t<\/div>\n\t\t<\/section>\n\t\t\t\t<section class=\"elementor-section elementor-inner-section elementor-element elementor-element-8321fa8 elementor-section-boxed elementor-section-height-default elementor-section-height-default\" data-id=\"8321fa8\" data-element_type=\"section\" data-e-type=\"section\">\n\t\t\t\t\t\t<div class=\"elementor-container elementor-column-gap-no\">\n\t\t\t\t\t<div class=\"elementor-column elementor-col-50 elementor-inner-column elementor-element elementor-element-bce9b34\" data-id=\"bce9b34\" data-element_type=\"column\" data-e-type=\"column\">\n\t\t\t<div class=\"elementor-widget-wrap elementor-element-populated\">\n\t\t\t\t\t\t<div class=\"elementor-element elementor-element-e57ee7b elementor-widget elementor-widget-text-editor\" data-id=\"e57ee7b\" data-element_type=\"widget\" data-e-type=\"widget\" data-widget_type=\"text-editor.default\">\n\t\t\t\t<div class=\"elementor-widget-container\">\n\t\t\t\t\t\t\t\t\t<p><strong>9 novembre<\/strong><\/p><p><strong>16h00<\/strong><\/p><p><strong>2025<\/strong><\/p>\t\t\t\t\t\t\t\t<\/div>\n\t\t\t\t<\/div>\n\t\t\t\t\t<\/div>\n\t\t<\/div>\n\t\t\t\t<div class=\"elementor-column elementor-col-50 elementor-inner-column elementor-element elementor-element-fb16854\" data-id=\"fb16854\" data-element_type=\"column\" data-e-type=\"column\">\n\t\t\t<div class=\"elementor-widget-wrap elementor-element-populated\">\n\t\t\t\t\t\t<div class=\"elementor-element elementor-element-99810f0 elementor-widget elementor-widget-text-editor\" data-id=\"99810f0\" data-element_type=\"widget\" data-e-type=\"widget\" data-widget_type=\"text-editor.default\">\n\t\t\t\t<div class=\"elementor-widget-container\">\n\t\t\t\t\t\t\t\t\t<p><strong>Choeur Cantabile, Choeur de Bourges et ensemble instrumental<\/strong><\/p><p><span style=\"font-weight: 400;\">Schumann, Chauvalon (cr\u00e9ation mondiale)<\/span><\/p><p><span style=\"font-weight: 400;\">Direction, Fr\u00e9d\u00e9ric Chaine<\/span><\/p><p><span style=\"font-weight: 400;\">Festival \u201cMusique Sacr\u00e9e en Avignon\u201d<\/span><\/p><p><span style=\"font-weight: 400;\">Cath\u00e9drale Notre Dame des Doms <\/span><\/p><p><strong>Place du Palais, 84000 Avignon<\/strong><\/p>\t\t\t\t\t\t\t\t<\/div>\n\t\t\t\t<\/div>\n\t\t\t\t\t<\/div>\n\t\t<\/div>\n\t\t\t\t\t<\/div>\n\t\t<\/section>\n\t\t\t\t<section class=\"elementor-section elementor-inner-section elementor-element elementor-element-24b18cc elementor-section-boxed elementor-section-height-default elementor-section-height-default\" data-id=\"24b18cc\" data-element_type=\"section\" data-e-type=\"section\">\n\t\t\t\t\t\t<div class=\"elementor-container elementor-column-gap-no\">\n\t\t\t\t\t<div class=\"elementor-column elementor-col-50 elementor-inner-column elementor-element elementor-element-aa174b3\" data-id=\"aa174b3\" data-element_type=\"column\" data-e-type=\"column\">\n\t\t\t<div class=\"elementor-widget-wrap elementor-element-populated\">\n\t\t\t\t\t\t<div class=\"elementor-element elementor-element-5e008fa elementor-widget elementor-widget-text-editor\" data-id=\"5e008fa\" data-element_type=\"widget\" data-e-type=\"widget\" data-widget_type=\"text-editor.default\">\n\t\t\t\t<div class=\"elementor-widget-container\">\n\t\t\t\t\t\t\t\t\t<p><strong>15 Octobre<\/strong><\/p><p><strong>10h00 et 14h30<\/strong><\/p><p><strong>2025<\/strong><\/p>\t\t\t\t\t\t\t\t<\/div>\n\t\t\t\t<\/div>\n\t\t\t\t\t<\/div>\n\t\t<\/div>\n\t\t\t\t<div class=\"elementor-column elementor-col-50 elementor-inner-column elementor-element elementor-element-35ad918\" data-id=\"35ad918\" data-element_type=\"column\" data-e-type=\"column\">\n\t\t\t<div class=\"elementor-widget-wrap elementor-element-populated\">\n\t\t\t\t\t\t<div class=\"elementor-element elementor-element-a3d2c79 elementor-widget elementor-widget-text-editor\" data-id=\"a3d2c79\" data-element_type=\"widget\" data-e-type=\"widget\" data-widget_type=\"text-editor.default\">\n\t\t\t\t<div class=\"elementor-widget-container\">\n\t\t\t\t\t\t\t\t\t<p><strong>L\u2019Ensemble Orchestral Europ\u00e9en<\/strong><\/p><p><span style=\"font-weight: 400;\">Les Secrets d\u2019un Op\u00e9ra : La fl\u00fbte enchant\u00e9e \u2013 Concerts \u00e9ducatifs<\/span><\/p><p><span style=\"font-weight: 400;\">Direction, Fr\u00e9d\u00e9ric Chaine<\/span><\/p><p><span style=\"font-weight: 400;\">Centre culturel Uccle<\/span><\/p><p><strong>Rue Rouge 47, 1080 Brussels<\/strong><\/p><p><a href=\"https:\/\/www.ccu.be\/projects\/les-secrets-dun-opera-la-flute-enchantee\/\" target=\"_blank\" rel=\"noopener\">Plus d&rsquo;information ici<\/a><\/p>\t\t\t\t\t\t\t\t<\/div>\n\t\t\t\t<\/div>\n\t\t\t\t\t<\/div>\n\t\t<\/div>\n\t\t\t\t\t<\/div>\n\t\t<\/section>\n\t\t\t\t<section class=\"elementor-section elementor-inner-section elementor-element elementor-element-6374ee8 elementor-section-boxed elementor-section-height-default elementor-section-height-default\" data-id=\"6374ee8\" data-element_type=\"section\" data-e-type=\"section\">\n\t\t\t\t\t\t<div class=\"elementor-container elementor-column-gap-no\">\n\t\t\t\t\t<div class=\"elementor-column elementor-col-50 elementor-inner-column elementor-element elementor-element-0e948f0\" data-id=\"0e948f0\" data-element_type=\"column\" data-e-type=\"column\">\n\t\t\t<div class=\"elementor-widget-wrap elementor-element-populated\">\n\t\t\t\t\t\t<div class=\"elementor-element elementor-element-114b58f elementor-widget elementor-widget-text-editor\" data-id=\"114b58f\" data-element_type=\"widget\" data-e-type=\"widget\" data-widget_type=\"text-editor.default\">\n\t\t\t\t<div class=\"elementor-widget-container\">\n\t\t\t\t\t\t\t\t\t<p><strong>8 Octobre<\/strong><\/p><p><strong>10h00 et 15h00<\/strong><\/p><p><strong>2025<\/strong><\/p>\t\t\t\t\t\t\t\t<\/div>\n\t\t\t\t<\/div>\n\t\t\t\t\t<\/div>\n\t\t<\/div>\n\t\t\t\t<div class=\"elementor-column elementor-col-50 elementor-inner-column elementor-element elementor-element-f88fe7c\" data-id=\"f88fe7c\" data-element_type=\"column\" data-e-type=\"column\">\n\t\t\t<div class=\"elementor-widget-wrap elementor-element-populated\">\n\t\t\t\t\t\t<div class=\"elementor-element elementor-element-3972fda elementor-widget elementor-widget-text-editor\" data-id=\"3972fda\" data-element_type=\"widget\" data-e-type=\"widget\" data-widget_type=\"text-editor.default\">\n\t\t\t\t<div class=\"elementor-widget-container\">\n\t\t\t\t\t\t\t\t\t<p><strong>L\u2019Ensemble Orchestral Europ\u00e9en<\/strong><\/p><p><span style=\"font-weight: 400;\">Les Secrets d\u2019un Op\u00e9ra : La fl\u00fbte enchant\u00e9e \u2013 Concerts \u00e9ducatifs<\/span><\/p><p><span style=\"font-weight: 400;\">Direction, Fr\u00e9d\u00e9ric Chaine<\/span><\/p><p><span style=\"font-weight: 400;\">Le Senghor<\/span><\/p><p><strong>366 chauss\u00e9e de Wavre, 1040 Bruxelles<\/strong><\/p><p><a href=\"https:\/\/www.senghor.be\/project\/les-secrets-dun-opera\/\" target=\"_blank\" rel=\"noopener\">Plus d&rsquo;information ici<\/a><\/p>\t\t\t\t\t\t\t\t<\/div>\n\t\t\t\t<\/div>\n\t\t\t\t\t<\/div>\n\t\t<\/div>\n\t\t\t\t\t<\/div>\n\t\t<\/section>\n\t\t\t\t<section class=\"elementor-section elementor-inner-section elementor-element elementor-element-3abc2c4 elementor-section-boxed elementor-section-height-default elementor-section-height-default\" data-id=\"3abc2c4\" data-element_type=\"section\" data-e-type=\"section\">\n\t\t\t\t\t\t<div class=\"elementor-container elementor-column-gap-no\">\n\t\t\t\t\t<div class=\"elementor-column elementor-col-50 elementor-inner-column elementor-element elementor-element-25c722c\" data-id=\"25c722c\" data-element_type=\"column\" data-e-type=\"column\">\n\t\t\t<div class=\"elementor-widget-wrap elementor-element-populated\">\n\t\t\t\t\t\t<div class=\"elementor-element elementor-element-24b1747 elementor-widget elementor-widget-text-editor\" data-id=\"24b1747\" data-element_type=\"widget\" data-e-type=\"widget\" data-widget_type=\"text-editor.default\">\n\t\t\t\t<div class=\"elementor-widget-container\">\n\t\t\t\t\t\t\t\t\t<p><strong>4 Octobre <\/strong><\/p><p><strong>20h00<\/strong><\/p><p><strong>2025<\/strong><\/p>\t\t\t\t\t\t\t\t<\/div>\n\t\t\t\t<\/div>\n\t\t\t\t\t<\/div>\n\t\t<\/div>\n\t\t\t\t<div class=\"elementor-column elementor-col-50 elementor-inner-column elementor-element elementor-element-4342668\" data-id=\"4342668\" data-element_type=\"column\" data-e-type=\"column\">\n\t\t\t<div class=\"elementor-widget-wrap elementor-element-populated\">\n\t\t\t\t\t\t<div class=\"elementor-element elementor-element-36e0eea elementor-widget elementor-widget-text-editor\" data-id=\"36e0eea\" data-element_type=\"widget\" data-e-type=\"widget\" data-widget_type=\"text-editor.default\">\n\t\t\t\t<div class=\"elementor-widget-container\">\n\t\t\t\t\t\t\t\t\t<p><strong>Fr\u00e9d\u00e9ric Chaine Quartet invite S\u00e9bastien Giniaux<\/strong><\/p><p><span style=\"font-weight: 400;\">Sur la route avec Django et St\u00e9phane<\/span><\/p><p><span style=\"font-weight: 400;\">Violon, Fr\u00e9d\u00e9ric Chaine<\/span><\/p><p><span style=\"font-weight: 400;\">Guitare, S\u00e9bastien Giniaux<\/span><\/p><p><span style=\"font-weight: 400;\">Guitare, J\u00e9r\u00e9mie Pellaz<\/span><\/p><p><span style=\"font-weight: 400;\">Contrebasse, Jean Baptiste Guerrier<\/span><\/p><p><span style=\"font-weight: 400;\">L\u2019Autre Sc\u00e8ne de L\u2019Op\u00e9ra du Grand Avignon<\/span><\/p><p><strong>Avenue Pierre de Coubertin, 84270 Ved\u00e8ne<\/strong><\/p><p><a href=\"https:\/\/www.operagrandavignon.fr\/sur-la-route-avec-django-et-stephane\" target=\"_blank\" rel=\"noopener\">Plus d&rsquo;information ici<\/a><\/p>\t\t\t\t\t\t\t\t<\/div>\n\t\t\t\t<\/div>\n\t\t\t\t\t<\/div>\n\t\t<\/div>\n\t\t\t\t\t<\/div>\n\t\t<\/section>\n\t\t\t\t<section class=\"elementor-section elementor-inner-section elementor-element elementor-element-98399aa elementor-section-boxed elementor-section-height-default elementor-section-height-default\" data-id=\"98399aa\" data-element_type=\"section\" data-e-type=\"section\">\n\t\t\t\t\t\t<div class=\"elementor-container elementor-column-gap-no\">\n\t\t\t\t\t<div class=\"elementor-column elementor-col-50 elementor-inner-column elementor-element elementor-element-568a526\" data-id=\"568a526\" data-element_type=\"column\" data-e-type=\"column\">\n\t\t\t<div class=\"elementor-widget-wrap elementor-element-populated\">\n\t\t\t\t\t\t<div class=\"elementor-element elementor-element-4b03110 elementor-widget elementor-widget-text-editor\" data-id=\"4b03110\" data-element_type=\"widget\" data-e-type=\"widget\" data-widget_type=\"text-editor.default\">\n\t\t\t\t<div class=\"elementor-widget-container\">\n\t\t\t\t\t\t\t\t\t<p><strong>16 Septembre<\/strong><\/p><p><strong>19h00<\/strong><\/p><p><strong>2025<\/strong><\/p>\t\t\t\t\t\t\t\t<\/div>\n\t\t\t\t<\/div>\n\t\t\t\t\t<\/div>\n\t\t<\/div>\n\t\t\t\t<div class=\"elementor-column elementor-col-50 elementor-inner-column elementor-element elementor-element-838f253\" data-id=\"838f253\" data-element_type=\"column\" data-e-type=\"column\">\n\t\t\t<div class=\"elementor-widget-wrap elementor-element-populated\">\n\t\t\t\t\t\t<div class=\"elementor-element elementor-element-8365369 elementor-widget elementor-widget-text-editor\" data-id=\"8365369\" data-element_type=\"widget\" data-e-type=\"widget\" data-widget_type=\"text-editor.default\">\n\t\t\t\t<div class=\"elementor-widget-container\">\n\t\t\t\t\t\t\t\t\t<p><strong>Fr\u00e9d\u00e9ric Chaine Quartet <\/strong><\/p><p><span style=\"font-weight: 400;\">Violon, Fr\u00e9d\u00e9ric Chaine<\/span><\/p><p><span style=\"font-weight: 400;\">Guitares, Rafael Gouirand et Fr\u00e9d\u00e9ric Gu\u00e9don<\/span><\/p><p><span style=\"font-weight: 400;\">Contrebasse, Vilmos Csikos<\/span><\/p><p><span style=\"font-weight: 400;\">Stiftung Familienunternehmen<\/span><\/p><p><span style=\"font-weight: 400;\">The Merode <\/span><\/p><p><strong>Pl. Poelaert 6, 1000 Bruxelles <\/strong><\/p>\t\t\t\t\t\t\t\t<\/div>\n\t\t\t\t<\/div>\n\t\t\t\t\t<\/div>\n\t\t<\/div>\n\t\t\t\t\t<\/div>\n\t\t<\/section>\n\t\t\t\t<section class=\"elementor-section elementor-inner-section elementor-element elementor-element-c38963b elementor-section-boxed elementor-section-height-default elementor-section-height-default\" data-id=\"c38963b\" data-element_type=\"section\" data-e-type=\"section\">\n\t\t\t\t\t\t<div class=\"elementor-container elementor-column-gap-no\">\n\t\t\t\t\t<div class=\"elementor-column elementor-col-50 elementor-inner-column elementor-element elementor-element-a2b26da\" data-id=\"a2b26da\" data-element_type=\"column\" data-e-type=\"column\">\n\t\t\t<div class=\"elementor-widget-wrap elementor-element-populated\">\n\t\t\t\t\t\t<div class=\"elementor-element elementor-element-0bec9ed elementor-widget elementor-widget-text-editor\" data-id=\"0bec9ed\" data-element_type=\"widget\" data-e-type=\"widget\" data-widget_type=\"text-editor.default\">\n\t\t\t\t<div class=\"elementor-widget-container\">\n\t\t\t\t\t\t\t\t\t<p><strong>4 Septembre<\/strong><\/p><p><strong>13h00<\/strong><\/p><p><strong>2025<\/strong><\/p>\t\t\t\t\t\t\t\t<\/div>\n\t\t\t\t<\/div>\n\t\t\t\t\t<\/div>\n\t\t<\/div>\n\t\t\t\t<div class=\"elementor-column elementor-col-50 elementor-inner-column elementor-element elementor-element-7730afb\" data-id=\"7730afb\" data-element_type=\"column\" data-e-type=\"column\">\n\t\t\t<div class=\"elementor-widget-wrap elementor-element-populated\">\n\t\t\t\t\t\t<div class=\"elementor-element elementor-element-53deb45 elementor-widget elementor-widget-text-editor\" data-id=\"53deb45\" data-element_type=\"widget\" data-e-type=\"widget\" data-widget_type=\"text-editor.default\">\n\t\t\t\t<div class=\"elementor-widget-container\">\n\t\t\t\t\t\t\t\t\t<p><strong>Fr\u00e9d\u00e9ric Chaine Quartet invite Florin Niculescu<\/strong><\/p><p><span style=\"font-weight: 400;\">Violons, Florin Niculescu et Fr\u00e9d\u00e9ric Chaine<\/span><\/p><p><span style=\"font-weight: 400;\">Guitare, Rafael Gouirand<\/span><\/p><p><span style=\"font-weight: 400;\">Contrebasse, Vilmos Csikos<\/span><\/p><p><span style=\"font-weight: 400;\">Parlement Europ\u00e9en <\/span>&#8211; <span style=\"font-weight: 400;\">Citizens\u2019 Garden Concerts<\/span><\/p><p><a href=\"https:\/\/visiting.europarl.europa.eu\/en\/events\/brussels\/citizens-garden-concerts\" target=\"_blank\" rel=\"noopener\">Plus d&rsquo;information ici<\/a><\/p><p><strong>Rue Vautier, 1050 Bruxelles<\/strong><\/p>\t\t\t\t\t\t\t\t<\/div>\n\t\t\t\t<\/div>\n\t\t\t\t\t<\/div>\n\t\t<\/div>\n\t\t\t\t\t<\/div>\n\t\t<\/section>\n\t\t\t\t<section class=\"elementor-section elementor-inner-section elementor-element elementor-element-7936037 elementor-section-boxed elementor-section-height-default elementor-section-height-default\" data-id=\"7936037\" data-element_type=\"section\" data-e-type=\"section\">\n\t\t\t\t\t\t<div class=\"elementor-container elementor-column-gap-no\">\n\t\t\t\t\t<div class=\"elementor-column elementor-col-50 elementor-inner-column elementor-element elementor-element-21b0b05\" data-id=\"21b0b05\" data-element_type=\"column\" data-e-type=\"column\">\n\t\t\t<div class=\"elementor-widget-wrap elementor-element-populated\">\n\t\t\t\t\t\t<div class=\"elementor-element elementor-element-0ce370a elementor-widget elementor-widget-text-editor\" data-id=\"0ce370a\" data-element_type=\"widget\" data-e-type=\"widget\" data-widget_type=\"text-editor.default\">\n\t\t\t\t<div class=\"elementor-widget-container\">\n\t\t\t\t\t\t\t\t\t<p><strong>19 et 20 Juillet<\/strong><\/p><p><strong>16h00<\/strong><\/p><p><strong>2025<\/strong><\/p>\t\t\t\t\t\t\t\t<\/div>\n\t\t\t\t<\/div>\n\t\t\t\t\t<\/div>\n\t\t<\/div>\n\t\t\t\t<div class=\"elementor-column elementor-col-50 elementor-inner-column elementor-element elementor-element-f2c88bb\" data-id=\"f2c88bb\" data-element_type=\"column\" data-e-type=\"column\">\n\t\t\t<div class=\"elementor-widget-wrap elementor-element-populated\">\n\t\t\t\t\t\t<div class=\"elementor-element elementor-element-9d6ee8c elementor-widget elementor-widget-text-editor\" data-id=\"9d6ee8c\" data-element_type=\"widget\" data-e-type=\"widget\" data-widget_type=\"text-editor.default\">\n\t\t\t\t<div class=\"elementor-widget-container\">\n\t\t\t\t\t\t\t\t\t<p><strong>Fr\u00e9d\u00e9ric Chaine Trio<\/strong><\/p><p><span style=\"font-weight: 400;\">Galerie Lamy \u2013 Oriental Fine Arts<\/span><\/p><p><strong>Rue Ernest Allard 23, 1000 Bruxelles<\/strong><\/p>\t\t\t\t\t\t\t\t<\/div>\n\t\t\t\t<\/div>\n\t\t\t\t\t<\/div>\n\t\t<\/div>\n\t\t\t\t\t<\/div>\n\t\t<\/section>\n\t\t\t\t<section class=\"elementor-section elementor-inner-section elementor-element elementor-element-3debb34 elementor-section-boxed elementor-section-height-default elementor-section-height-default\" data-id=\"3debb34\" data-element_type=\"section\" data-e-type=\"section\">\n\t\t\t\t\t\t<div class=\"elementor-container elementor-column-gap-no\">\n\t\t\t\t\t<div class=\"elementor-column elementor-col-50 elementor-inner-column elementor-element elementor-element-d25b7d9\" data-id=\"d25b7d9\" data-element_type=\"column\" data-e-type=\"column\">\n\t\t\t<div class=\"elementor-widget-wrap elementor-element-populated\">\n\t\t\t\t\t\t<div class=\"elementor-element elementor-element-5443bd7 elementor-widget elementor-widget-text-editor\" data-id=\"5443bd7\" data-element_type=\"widget\" data-e-type=\"widget\" data-widget_type=\"text-editor.default\">\n\t\t\t\t<div class=\"elementor-widget-container\">\n\t\t\t\t\t\t\t\t\t<p><strong>8 Juin<\/strong><\/p><p><strong>20h30<\/strong><\/p><p><strong>2025<\/strong><\/p>\t\t\t\t\t\t\t\t<\/div>\n\t\t\t\t<\/div>\n\t\t\t\t\t<\/div>\n\t\t<\/div>\n\t\t\t\t<div class=\"elementor-column elementor-col-50 elementor-inner-column elementor-element elementor-element-6dc67bd\" data-id=\"6dc67bd\" data-element_type=\"column\" data-e-type=\"column\">\n\t\t\t<div class=\"elementor-widget-wrap elementor-element-populated\">\n\t\t\t\t\t\t<div class=\"elementor-element elementor-element-b0a0f71 elementor-widget elementor-widget-text-editor\" data-id=\"b0a0f71\" data-element_type=\"widget\" data-e-type=\"widget\" data-widget_type=\"text-editor.default\">\n\t\t\t\t<div class=\"elementor-widget-container\">\n\t\t\t\t\t\t\t\t\t<p><strong>Fr\u00e9d\u00e9ric Chaine Quartet<\/strong><\/p><p>Violons : Fr\u00e9d\u00e9ric Chaine, Guitares : Rafael Gouirand et Fr\u00e9d\u00e9ric Gu\u00e9don<\/p><p>Contrebasse, Antoine Guiot<\/p><p><a href=\"https:\/\/themusicvillage.com\/program-2\/?lang=fr\" target=\"_blank\" rel=\"noopener\">The Music Village<\/a><\/p><p>Rue des Pierres 50, 1000 Bruxelles<\/p>\t\t\t\t\t\t\t\t<\/div>\n\t\t\t\t<\/div>\n\t\t\t\t\t<\/div>\n\t\t<\/div>\n\t\t\t\t\t<\/div>\n\t\t<\/section>\n\t\t\t\t<section class=\"elementor-section elementor-inner-section elementor-element elementor-element-aba858e elementor-section-boxed elementor-section-height-default elementor-section-height-default\" data-id=\"aba858e\" data-element_type=\"section\" data-e-type=\"section\">\n\t\t\t\t\t\t<div class=\"elementor-container elementor-column-gap-no\">\n\t\t\t\t\t<div class=\"elementor-column elementor-col-50 elementor-inner-column elementor-element elementor-element-2ede282\" data-id=\"2ede282\" data-element_type=\"column\" data-e-type=\"column\">\n\t\t\t<div class=\"elementor-widget-wrap elementor-element-populated\">\n\t\t\t\t\t\t<div class=\"elementor-element elementor-element-9914de3 elementor-widget elementor-widget-text-editor\" data-id=\"9914de3\" data-element_type=\"widget\" data-e-type=\"widget\" data-widget_type=\"text-editor.default\">\n\t\t\t\t<div class=\"elementor-widget-container\">\n\t\t\t\t\t\t\t\t\t<p><strong>21 Mai<\/strong><\/p><p><strong>17h00 <\/strong><\/p><p><strong>2025<\/strong><\/p>\t\t\t\t\t\t\t\t<\/div>\n\t\t\t\t<\/div>\n\t\t\t\t\t<\/div>\n\t\t<\/div>\n\t\t\t\t<div class=\"elementor-column elementor-col-50 elementor-inner-column elementor-element elementor-element-9961f45\" data-id=\"9961f45\" data-element_type=\"column\" data-e-type=\"column\">\n\t\t\t<div class=\"elementor-widget-wrap elementor-element-populated\">\n\t\t\t\t\t\t<div class=\"elementor-element elementor-element-b0e2ff6 elementor-widget elementor-widget-text-editor\" data-id=\"b0e2ff6\" data-element_type=\"widget\" data-e-type=\"widget\" data-widget_type=\"text-editor.default\">\n\t\t\t\t<div class=\"elementor-widget-container\">\n\t\t\t\t\t\t\t\t\t<p><strong>Fr\u00e9d\u00e9ric Chaine Quartet<\/strong><\/p><p><span style=\"font-weight: 400;\">Violon, Fr\u00e9d\u00e9ric Chaine<\/span><\/p><p><span style=\"font-weight: 400;\">Guitares, Rafael Gouirand et Fr\u00e9d\u00e9ric Gu\u00e9don<\/span><\/p><p><span style=\"font-weight: 400;\">Contrebasse, Vilmos Csikos<\/span><\/p><p><span style=\"font-weight: 400;\">Brussels Major Events<\/span><\/p><p><strong>Parc Cinquantenaire 15, 1000 Brussels<\/strong><\/p>\t\t\t\t\t\t\t\t<\/div>\n\t\t\t\t<\/div>\n\t\t\t\t\t<\/div>\n\t\t<\/div>\n\t\t\t\t\t<\/div>\n\t\t<\/section>\n\t\t\t\t<section class=\"elementor-section elementor-inner-section elementor-element elementor-element-8dd06f6 elementor-section-boxed elementor-section-height-default elementor-section-height-default\" data-id=\"8dd06f6\" data-element_type=\"section\" data-e-type=\"section\">\n\t\t\t\t\t\t<div class=\"elementor-container elementor-column-gap-no\">\n\t\t\t\t\t<div class=\"elementor-column elementor-col-50 elementor-inner-column elementor-element elementor-element-2db7060\" data-id=\"2db7060\" data-element_type=\"column\" data-e-type=\"column\">\n\t\t\t<div class=\"elementor-widget-wrap elementor-element-populated\">\n\t\t\t\t\t\t<div class=\"elementor-element elementor-element-6cd67b9 elementor-widget elementor-widget-text-editor\" data-id=\"6cd67b9\" data-element_type=\"widget\" data-e-type=\"widget\" data-widget_type=\"text-editor.default\">\n\t\t\t\t<div class=\"elementor-widget-container\">\n\t\t\t\t\t\t\t\t\t<p><strong>4 Mai <\/strong><\/p><p><strong>20h30 <\/strong><\/p><p><strong>2025<\/strong><\/p>\t\t\t\t\t\t\t\t<\/div>\n\t\t\t\t<\/div>\n\t\t\t\t\t<\/div>\n\t\t<\/div>\n\t\t\t\t<div class=\"elementor-column elementor-col-50 elementor-inner-column elementor-element elementor-element-5054942\" data-id=\"5054942\" data-element_type=\"column\" data-e-type=\"column\">\n\t\t\t<div class=\"elementor-widget-wrap elementor-element-populated\">\n\t\t\t\t\t\t<div class=\"elementor-element elementor-element-acf7932 elementor-widget elementor-widget-text-editor\" data-id=\"acf7932\" data-element_type=\"widget\" data-e-type=\"widget\" data-widget_type=\"text-editor.default\">\n\t\t\t\t<div class=\"elementor-widget-container\">\n\t\t\t\t\t\t\t\t\t<p><strong>Fr\u00e9d\u00e9ric Chaine Quartet<\/strong><\/p><p>Violons : Fr\u00e9d\u00e9ric Chaine, Guitares : Rafael Gouirand et Fr\u00e9d\u00e9ric Gu\u00e9don<\/p><p>Contrebasse, Antoine Guiot<\/p><p><a href=\"https:\/\/themusicvillage.com\/program-2\/?lang=fr\" target=\"_blank\" rel=\"noopener\">The Music Village<\/a><\/p><p>Rue des Pierres 50, 1000 Bruxelles<\/p>\t\t\t\t\t\t\t\t<\/div>\n\t\t\t\t<\/div>\n\t\t\t\t\t<\/div>\n\t\t<\/div>\n\t\t\t\t\t<\/div>\n\t\t<\/section>\n\t\t\t\t<section class=\"elementor-section elementor-inner-section elementor-element elementor-element-935e1ab elementor-section-boxed elementor-section-height-default elementor-section-height-default\" data-id=\"935e1ab\" data-element_type=\"section\" data-e-type=\"section\">\n\t\t\t\t\t\t<div class=\"elementor-container elementor-column-gap-no\">\n\t\t\t\t\t<div class=\"elementor-column elementor-col-50 elementor-inner-column elementor-element elementor-element-674435c\" data-id=\"674435c\" data-element_type=\"column\" data-e-type=\"column\">\n\t\t\t<div class=\"elementor-widget-wrap elementor-element-populated\">\n\t\t\t\t\t\t<div class=\"elementor-element elementor-element-d549664 elementor-widget elementor-widget-text-editor\" data-id=\"d549664\" data-element_type=\"widget\" data-e-type=\"widget\" data-widget_type=\"text-editor.default\">\n\t\t\t\t<div class=\"elementor-widget-container\">\n\t\t\t\t\t\t\t\t\t<p><strong>27 avril <\/strong><\/p><p><strong>20h30 <\/strong><\/p><p><strong>2025<\/strong><\/p>\t\t\t\t\t\t\t\t<\/div>\n\t\t\t\t<\/div>\n\t\t\t\t\t<\/div>\n\t\t<\/div>\n\t\t\t\t<div class=\"elementor-column elementor-col-50 elementor-inner-column elementor-element elementor-element-64b755a\" data-id=\"64b755a\" data-element_type=\"column\" data-e-type=\"column\">\n\t\t\t<div class=\"elementor-widget-wrap elementor-element-populated\">\n\t\t\t\t\t\t<div class=\"elementor-element elementor-element-4d072ff elementor-widget elementor-widget-text-editor\" data-id=\"4d072ff\" data-element_type=\"widget\" data-e-type=\"widget\" data-widget_type=\"text-editor.default\">\n\t\t\t\t<div class=\"elementor-widget-container\">\n\t\t\t\t\t\t\t\t\t<p><strong>Fr\u00e9d\u00e9ric Chaine Quartet invite Florin Niculescu<\/strong><\/p><p>Violons, Fr\u00e9d\u00e9ric Chaine et Florin Niculescu<\/p><p>Guitares, Rafael Gouirand et Fr\u00e9d\u00e9ric Gu\u00e9don<\/p><p>Contrebasse, Victor Foulon<\/p><p>The Music Village<\/p><p><a href=\"https:\/\/themusicvillage.com\/program-2\/?lang=fr\" target=\"_blank\" rel=\"noopener\">Plus d&rsquo;information ici<\/a><\/p><p><strong>Rue des Pierres 50, 1000 Bruxelles<\/strong><\/p>\t\t\t\t\t\t\t\t<\/div>\n\t\t\t\t<\/div>\n\t\t\t\t\t<\/div>\n\t\t<\/div>\n\t\t\t\t\t<\/div>\n\t\t<\/section>\n\t\t\t\t<section class=\"elementor-section elementor-inner-section elementor-element elementor-element-bc171f6 elementor-section-boxed elementor-section-height-default elementor-section-height-default\" data-id=\"bc171f6\" data-element_type=\"section\" data-e-type=\"section\">\n\t\t\t\t\t\t<div class=\"elementor-container elementor-column-gap-no\">\n\t\t\t\t\t<div class=\"elementor-column elementor-col-50 elementor-inner-column elementor-element elementor-element-ec1c23a\" data-id=\"ec1c23a\" data-element_type=\"column\" data-e-type=\"column\">\n\t\t\t<div class=\"elementor-widget-wrap elementor-element-populated\">\n\t\t\t\t\t\t<div class=\"elementor-element elementor-element-dbd4d71 elementor-widget elementor-widget-text-editor\" data-id=\"dbd4d71\" data-element_type=\"widget\" data-e-type=\"widget\" data-widget_type=\"text-editor.default\">\n\t\t\t\t<div class=\"elementor-widget-container\">\n\t\t\t\t\t\t\t\t\t<p><strong>25 avril <\/strong><\/p><p><strong>19h30 <\/strong><\/p><p><strong>2025<\/strong><\/p>\t\t\t\t\t\t\t\t<\/div>\n\t\t\t\t<\/div>\n\t\t\t\t\t<\/div>\n\t\t<\/div>\n\t\t\t\t<div class=\"elementor-column elementor-col-50 elementor-inner-column elementor-element elementor-element-aaa0a13\" data-id=\"aaa0a13\" data-element_type=\"column\" data-e-type=\"column\">\n\t\t\t<div class=\"elementor-widget-wrap elementor-element-populated\">\n\t\t\t\t\t\t<div class=\"elementor-element elementor-element-5da6385 elementor-widget elementor-widget-text-editor\" data-id=\"5da6385\" data-element_type=\"widget\" data-e-type=\"widget\" data-widget_type=\"text-editor.default\">\n\t\t\t\t<div class=\"elementor-widget-container\">\n\t\t\t\t\t\t\t\t\t<p><strong>L\u2019Ensemble Orchestral Europ\u00e9en<\/strong><\/p><p>Direction et violon, Fr\u00e9d\u00e9ric Chaine<\/p><p>Violon, Florin Niculescu<\/p><p>Guitares, Rafael Gouirand et Fr\u00e9d\u00e9ric Gu\u00e9don<\/p><p>Contrebasse, Victor Foulon<\/p><p>Bourse de Bruxelles<\/p><p><strong>Place de la Bourse, 1000 Bruxelles<\/strong><\/p>\t\t\t\t\t\t\t\t<\/div>\n\t\t\t\t<\/div>\n\t\t\t\t\t<\/div>\n\t\t<\/div>\n\t\t\t\t\t<\/div>\n\t\t<\/section>\n\t\t\t\t<section class=\"elementor-section elementor-inner-section elementor-element elementor-element-83d0c49 elementor-section-boxed elementor-section-height-default elementor-section-height-default\" data-id=\"83d0c49\" data-element_type=\"section\" data-e-type=\"section\">\n\t\t\t\t\t\t<div class=\"elementor-container elementor-column-gap-no\">\n\t\t\t\t\t<div class=\"elementor-column elementor-col-50 elementor-inner-column elementor-element elementor-element-e68ad19\" data-id=\"e68ad19\" data-element_type=\"column\" data-e-type=\"column\">\n\t\t\t<div class=\"elementor-widget-wrap elementor-element-populated\">\n\t\t\t\t\t\t<div class=\"elementor-element elementor-element-cef2715 elementor-widget elementor-widget-text-editor\" data-id=\"cef2715\" data-element_type=\"widget\" data-e-type=\"widget\" data-widget_type=\"text-editor.default\">\n\t\t\t\t<div class=\"elementor-widget-container\">\n\t\t\t\t\t\t\t\t\t<p><strong>12 Avril<\/strong><\/p><p><strong>20h00 <\/strong><\/p><p><strong>2025<\/strong><\/p>\t\t\t\t\t\t\t\t<\/div>\n\t\t\t\t<\/div>\n\t\t\t\t\t<\/div>\n\t\t<\/div>\n\t\t\t\t<div class=\"elementor-column elementor-col-50 elementor-inner-column elementor-element elementor-element-994d156\" data-id=\"994d156\" data-element_type=\"column\" data-e-type=\"column\">\n\t\t\t<div class=\"elementor-widget-wrap elementor-element-populated\">\n\t\t\t\t\t\t<div class=\"elementor-element elementor-element-cb3fa93 elementor-widget elementor-widget-text-editor\" data-id=\"cb3fa93\" data-element_type=\"widget\" data-e-type=\"widget\" data-widget_type=\"text-editor.default\">\n\t\t\t\t<div class=\"elementor-widget-container\">\n\t\t\t\t\t\t\t\t\t<p><strong>Choeur Cantabile<\/strong><\/p><p>Mozart, Schubert, Rheinberger<br>T\u00e9nor, Camille Tresmontant<br>Piano, Catherine Chaine<br>Conductor, Fr\u00e9d\u00e9ric Chaine<br>Saint-\u00c9tienne-du-Gr\u00e8s church<\/p><p><strong>121 Rue des Epinards, 13103 Saint-\u00c9tienne-du-Gr\u00e8s<\/strong><\/p>\t\t\t\t\t\t\t\t<\/div>\n\t\t\t\t<\/div>\n\t\t\t\t\t<\/div>\n\t\t<\/div>\n\t\t\t\t\t<\/div>\n\t\t<\/section>\n\t\t\t\t<section class=\"elementor-section elementor-inner-section elementor-element elementor-element-dc5bdec elementor-section-boxed elementor-section-height-default elementor-section-height-default\" data-id=\"dc5bdec\" data-element_type=\"section\" data-e-type=\"section\">\n\t\t\t\t\t\t<div class=\"elementor-container elementor-column-gap-no\">\n\t\t\t\t\t<div class=\"elementor-column elementor-col-50 elementor-inner-column elementor-element elementor-element-462506d\" data-id=\"462506d\" data-element_type=\"column\" data-e-type=\"column\">\n\t\t\t<div class=\"elementor-widget-wrap elementor-element-populated\">\n\t\t\t\t\t\t<div class=\"elementor-element elementor-element-b217745 elementor-widget elementor-widget-text-editor\" data-id=\"b217745\" data-element_type=\"widget\" data-e-type=\"widget\" data-widget_type=\"text-editor.default\">\n\t\t\t\t<div class=\"elementor-widget-container\">\n\t\t\t\t\t\t\t\t\t<p><strong>30 Mars<\/strong><\/p><p><strong>16h00<\/strong><\/p><p><strong>2025<\/strong><\/p>\t\t\t\t\t\t\t\t<\/div>\n\t\t\t\t<\/div>\n\t\t\t\t\t<\/div>\n\t\t<\/div>\n\t\t\t\t<div class=\"elementor-column elementor-col-50 elementor-inner-column elementor-element elementor-element-6d03c33\" data-id=\"6d03c33\" data-element_type=\"column\" data-e-type=\"column\">\n\t\t\t<div class=\"elementor-widget-wrap elementor-element-populated\">\n\t\t\t\t\t\t<div class=\"elementor-element elementor-element-950d369 elementor-widget elementor-widget-text-editor\" data-id=\"950d369\" data-element_type=\"widget\" data-e-type=\"widget\" data-widget_type=\"text-editor.default\">\n\t\t\t\t<div class=\"elementor-widget-container\">\n\t\t\t\t\t\t\t\t\t<p><strong>L\u2019Ensemble Orchestral Europ\u00e9en \/ Koninklijk Conservatorium Brussel Orchestra<\/strong><\/p><p>Cr\u00e9ation mondiale d\u2019un in\u00e9dit avec orchestre de Vieuxtemps<\/p><p>Soprano, Faustine Egiziano<\/p><p>Violin, Vilmos Csikos<\/p><p>Direction, Fr\u00e9d\u00e9ric Chaine<\/p><p><a href=\"https:\/\/www.ccverviers.be\/events\/concert-vieuxtemps\/\" target=\"_blank\" rel=\"noopener\">Plus d&rsquo;information ici<\/a><\/p><p><strong>\u00c9glise Saint-Remacle<\/strong><br><strong>Rue Saint-Remacle, 4800 Verviers<\/strong><\/p>\t\t\t\t\t\t\t\t<\/div>\n\t\t\t\t<\/div>\n\t\t\t\t\t<\/div>\n\t\t<\/div>\n\t\t\t\t\t<\/div>\n\t\t<\/section>\n\t\t\t\t<section class=\"elementor-section elementor-inner-section elementor-element elementor-element-a23497b elementor-section-boxed elementor-section-height-default elementor-section-height-default\" data-id=\"a23497b\" data-element_type=\"section\" data-e-type=\"section\">\n\t\t\t\t\t\t<div class=\"elementor-container elementor-column-gap-no\">\n\t\t\t\t\t<div class=\"elementor-column elementor-col-50 elementor-inner-column elementor-element elementor-element-acc1903\" data-id=\"acc1903\" data-element_type=\"column\" data-e-type=\"column\">\n\t\t\t<div class=\"elementor-widget-wrap elementor-element-populated\">\n\t\t\t\t\t\t<div class=\"elementor-element elementor-element-295a344 elementor-widget elementor-widget-text-editor\" data-id=\"295a344\" data-element_type=\"widget\" data-e-type=\"widget\" data-widget_type=\"text-editor.default\">\n\t\t\t\t<div class=\"elementor-widget-container\">\n\t\t\t\t\t\t\t\t\t<p><strong>23 et 23 Janvier<\/strong><\/p><p><strong>2025<\/strong><\/p>\t\t\t\t\t\t\t\t<\/div>\n\t\t\t\t<\/div>\n\t\t\t\t\t<\/div>\n\t\t<\/div>\n\t\t\t\t<div class=\"elementor-column elementor-col-50 elementor-inner-column elementor-element elementor-element-0d9e5f1\" data-id=\"0d9e5f1\" data-element_type=\"column\" data-e-type=\"column\">\n\t\t\t<div class=\"elementor-widget-wrap elementor-element-populated\">\n\t\t\t\t\t\t<div class=\"elementor-element elementor-element-11ae306 elementor-widget elementor-widget-text-editor\" data-id=\"11ae306\" data-element_type=\"widget\" data-e-type=\"widget\" data-widget_type=\"text-editor.default\">\n\t\t\t\t<div class=\"elementor-widget-container\">\n\t\t\t\t\t\t\t\t\t<p><strong>Orchestre National de Lyon<\/strong><\/p><p><span style=\"font-weight: 400;\">Chef d\u2019orchestre assistant de Frank Strobel<\/span><\/p><p><span style=\"font-weight: 400;\">\u201cChaplin With A Smile\u201d<\/span><\/p><p><a href=\"https:\/\/www.auditorium-lyon.com\/fr\/saison-2024-25\/cine-concert\/chaplin-smile\" target=\"_blank\" rel=\"noopener\">Plus d&rsquo;information ici<\/a><\/p><p><strong>Auditorium-Orchestre national de Lyon<\/strong><br><strong>149 Rue Garibaldi, 69003 Lyon<\/strong><\/p>\t\t\t\t\t\t\t\t<\/div>\n\t\t\t\t<\/div>\n\t\t\t\t\t<\/div>\n\t\t<\/div>\n\t\t\t\t\t<\/div>\n\t\t<\/section>\n\t\t\t\t<section class=\"elementor-section elementor-inner-section elementor-element elementor-element-e9aaec8 elementor-section-boxed elementor-section-height-default elementor-section-height-default\" data-id=\"e9aaec8\" data-element_type=\"section\" data-e-type=\"section\">\n\t\t\t\t\t\t<div class=\"elementor-container elementor-column-gap-no\">\n\t\t\t\t\t<div class=\"elementor-column elementor-col-50 elementor-inner-column elementor-element elementor-element-f3e76ba\" data-id=\"f3e76ba\" data-element_type=\"column\" data-e-type=\"column\">\n\t\t\t<div class=\"elementor-widget-wrap elementor-element-populated\">\n\t\t\t\t\t\t<div class=\"elementor-element elementor-element-31a3965 elementor-widget elementor-widget-text-editor\" data-id=\"31a3965\" data-element_type=\"widget\" data-e-type=\"widget\" data-widget_type=\"text-editor.default\">\n\t\t\t\t<div class=\"elementor-widget-container\">\n\t\t\t\t\t\t\t\t\t<p><strong>5 D\u00e9cembre<\/strong><\/p><p><strong>18h <\/strong><\/p><p><strong>2024<\/strong><\/p>\t\t\t\t\t\t\t\t<\/div>\n\t\t\t\t<\/div>\n\t\t\t\t\t<\/div>\n\t\t<\/div>\n\t\t\t\t<div class=\"elementor-column elementor-col-50 elementor-inner-column elementor-element elementor-element-7129796\" data-id=\"7129796\" data-element_type=\"column\" data-e-type=\"column\">\n\t\t\t<div class=\"elementor-widget-wrap elementor-element-populated\">\n\t\t\t\t\t\t<div class=\"elementor-element elementor-element-8c1c839 elementor-widget elementor-widget-text-editor\" data-id=\"8c1c839\" data-element_type=\"widget\" data-e-type=\"widget\" data-widget_type=\"text-editor.default\">\n\t\t\t\t<div class=\"elementor-widget-container\">\n\t\t\t\t\t\t\t\t\t<p><strong>Fr\u00e9d\u00e9ric Chaine Quartet<br><\/strong><br>Violon, Fr\u00e9d\u00e9ric Chaine<\/p><p>Guitares, Rafael Gouirand et Fr\u00e9d\u00e9ric Gu\u00e9don<\/p><p>Contrebasse, Vilmos Csikos<\/p><p>Brussels Major Events \u2013 Casino Viage<br><strong style=\"font-family: -apple-system, BlinkMacSystemFont, 'Segoe UI', Roboto, 'Helvetica Neue', Arial, 'Noto Sans', sans-serif, 'Apple Color Emoji', 'Segoe UI Emoji', 'Segoe UI Symbol', 'Noto Color Emoji';\">Bd Anspach 30, 1000 Brussels<\/strong><\/p>\t\t\t\t\t\t\t\t<\/div>\n\t\t\t\t<\/div>\n\t\t\t\t\t<\/div>\n\t\t<\/div>\n\t\t\t\t\t<\/div>\n\t\t<\/section>\n\t\t\t\t<section class=\"elementor-section elementor-inner-section elementor-element elementor-element-22595f0 elementor-section-boxed elementor-section-height-default elementor-section-height-default\" data-id=\"22595f0\" data-element_type=\"section\" data-e-type=\"section\">\n\t\t\t\t\t\t<div class=\"elementor-container elementor-column-gap-no\">\n\t\t\t\t\t<div class=\"elementor-column elementor-col-50 elementor-inner-column elementor-element elementor-element-c622207\" data-id=\"c622207\" data-element_type=\"column\" data-e-type=\"column\">\n\t\t\t<div class=\"elementor-widget-wrap elementor-element-populated\">\n\t\t\t\t\t\t<div class=\"elementor-element elementor-element-0206adc elementor-widget elementor-widget-text-editor\" data-id=\"0206adc\" data-element_type=\"widget\" data-e-type=\"widget\" data-widget_type=\"text-editor.default\">\n\t\t\t\t<div class=\"elementor-widget-container\">\n\t\t\t\t\t\t\t\t\t<p><strong>28 novembre <\/strong><\/p><p><strong>19h <\/strong><\/p><p><strong>2024<\/strong><\/p>\t\t\t\t\t\t\t\t<\/div>\n\t\t\t\t<\/div>\n\t\t\t\t\t<\/div>\n\t\t<\/div>\n\t\t\t\t<div class=\"elementor-column elementor-col-50 elementor-inner-column elementor-element elementor-element-670b8f4\" data-id=\"670b8f4\" data-element_type=\"column\" data-e-type=\"column\">\n\t\t\t<div class=\"elementor-widget-wrap elementor-element-populated\">\n\t\t\t\t\t\t<div class=\"elementor-element elementor-element-08b864d elementor-widget elementor-widget-text-editor\" data-id=\"08b864d\" data-element_type=\"widget\" data-e-type=\"widget\" data-widget_type=\"text-editor.default\">\n\t\t\t\t<div class=\"elementor-widget-container\">\n\t\t\t\t\t\t\t\t\t<p><strong>Fr\u00e9d\u00e9ric Chaine Quartet<\/strong><\/p><p>Violon, Fr\u00e9d\u00e9ric Chaine<\/p><p>Guitares, Rafael Gouirand et Fr\u00e9d\u00e9ric Gu\u00e9don<\/p><p>Contrebasse, Antoine Guiot<\/p><p>Rotary Club &#8211; <span style=\"color: var( --e-global-color-57a29b1 ); background-color: var( --e-global-color-e5e9561 ); font-family: var( --e-global-typography-text-font-family ), Sans-serif; font-size: var( --e-global-typography-text-font-size ); font-weight: var( --e-global-typography-text-font-weight );\">Eglise Saint Pierre<\/span><\/p><p><a href=\"mailto:rcvesale.events@gmail.com\">rcvesale.events@gmail.com<\/a><\/p><p><a href=\"https:\/\/bit.ly\/4ccP8qv\" target=\"_blank\" rel=\"noopener\">Inscrivez-vous ici<\/a><\/p><p><strong>Parvis Saint Pierre, 1150 Brussels<\/strong><\/p>\t\t\t\t\t\t\t\t<\/div>\n\t\t\t\t<\/div>\n\t\t\t\t\t<\/div>\n\t\t<\/div>\n\t\t\t\t\t<\/div>\n\t\t<\/section>\n\t\t\t\t<section class=\"elementor-section elementor-inner-section elementor-element elementor-element-d7af28e elementor-section-boxed elementor-section-height-default elementor-section-height-default\" data-id=\"d7af28e\" data-element_type=\"section\" data-e-type=\"section\">\n\t\t\t\t\t\t<div class=\"elementor-container elementor-column-gap-no\">\n\t\t\t\t\t<div class=\"elementor-column elementor-col-50 elementor-inner-column elementor-element elementor-element-1408154\" data-id=\"1408154\" data-element_type=\"column\" data-e-type=\"column\">\n\t\t\t<div class=\"elementor-widget-wrap elementor-element-populated\">\n\t\t\t\t\t\t<div class=\"elementor-element elementor-element-8351808 elementor-widget elementor-widget-text-editor\" data-id=\"8351808\" data-element_type=\"widget\" data-e-type=\"widget\" data-widget_type=\"text-editor.default\">\n\t\t\t\t<div class=\"elementor-widget-container\">\n\t\t\t\t\t\t\t\t\t<p><strong>9 novembre<\/strong><\/p><p><strong>19h00<\/strong><\/p><p><strong>2024<\/strong><\/p>\t\t\t\t\t\t\t\t<\/div>\n\t\t\t\t<\/div>\n\t\t\t\t\t<\/div>\n\t\t<\/div>\n\t\t\t\t<div class=\"elementor-column elementor-col-50 elementor-inner-column elementor-element elementor-element-6cc26ff\" data-id=\"6cc26ff\" data-element_type=\"column\" data-e-type=\"column\">\n\t\t\t<div class=\"elementor-widget-wrap elementor-element-populated\">\n\t\t\t\t\t\t<div class=\"elementor-element elementor-element-612b511 elementor-widget elementor-widget-text-editor\" data-id=\"612b511\" data-element_type=\"widget\" data-e-type=\"widget\" data-widget_type=\"text-editor.default\">\n\t\t\t\t<div class=\"elementor-widget-container\">\n\t\t\t\t\t\t\t\t\t<p><strong>Fr\u00e9d\u00e9ric Chaine Quartet<\/strong><\/p><p>Violon, Fr\u00e9d\u00e9ric Chaine<\/p><p>Guitares, Fran\u00e7ois Barbier et Muriel d\u2019Ailleurs<\/p><p>Contrebasse, F\u00e9lix Heymans<br><\/p><p>Presbyt\u00e8re de la Paroisse du Bois d\u2019Haine<\/p><p><strong>17 Place du Roi Baudouin, 7170 Manage<\/strong><\/p>\t\t\t\t\t\t\t\t<\/div>\n\t\t\t\t<\/div>\n\t\t\t\t\t<\/div>\n\t\t<\/div>\n\t\t\t\t\t<\/div>\n\t\t<\/section>\n\t\t\t\t<section class=\"elementor-section elementor-inner-section elementor-element elementor-element-5796ccc elementor-section-boxed elementor-section-height-default elementor-section-height-default\" data-id=\"5796ccc\" data-element_type=\"section\" data-e-type=\"section\">\n\t\t\t\t\t\t<div class=\"elementor-container elementor-column-gap-no\">\n\t\t\t\t\t<div class=\"elementor-column elementor-col-50 elementor-inner-column elementor-element elementor-element-5699e72\" data-id=\"5699e72\" data-element_type=\"column\" data-e-type=\"column\">\n\t\t\t<div class=\"elementor-widget-wrap elementor-element-populated\">\n\t\t\t\t\t\t<div class=\"elementor-element elementor-element-b311fd6 elementor-widget elementor-widget-text-editor\" data-id=\"b311fd6\" data-element_type=\"widget\" data-e-type=\"widget\" data-widget_type=\"text-editor.default\">\n\t\t\t\t<div class=\"elementor-widget-container\">\n\t\t\t\t\t\t\t\t\t<p><strong>9 Octobre<\/strong><\/p><p><strong>10h et 14h30<\/strong><\/p><p><strong>2024<\/strong><\/p>\t\t\t\t\t\t\t\t<\/div>\n\t\t\t\t<\/div>\n\t\t\t\t\t<\/div>\n\t\t<\/div>\n\t\t\t\t<div class=\"elementor-column elementor-col-50 elementor-inner-column elementor-element elementor-element-04b06dc\" data-id=\"04b06dc\" data-element_type=\"column\" data-e-type=\"column\">\n\t\t\t<div class=\"elementor-widget-wrap elementor-element-populated\">\n\t\t\t\t\t\t<div class=\"elementor-element elementor-element-9f00885 elementor-widget elementor-widget-text-editor\" data-id=\"9f00885\" data-element_type=\"widget\" data-e-type=\"widget\" data-widget_type=\"text-editor.default\">\n\t\t\t\t<div class=\"elementor-widget-container\">\n\t\t\t\t\t\t\t\t\t<p><strong>L\u2019Ensemble Orchestral Europ\u00e9en<\/strong><\/p><p>L\u2019Apprenti Sorcier &#8211; M\u00e9diations pour le jeune public<\/p><p>Direction, Fr\u00e9d\u00e9ric Chaine<\/p><p>Centre culturel Uccle<\/p><p><a href=\"https:\/\/www.ccu.be\/projects\/lapprenti-sorcier-2024-25\/\" target=\"_blank\" rel=\"noopener\">Plus d&rsquo;information ici<\/a><\/p><p><strong>Rue Rouge 47 \u2013 1080 Brussels<\/strong><\/p>\t\t\t\t\t\t\t\t<\/div>\n\t\t\t\t<\/div>\n\t\t\t\t\t<\/div>\n\t\t<\/div>\n\t\t\t\t\t<\/div>\n\t\t<\/section>\n\t\t\t\t<section class=\"elementor-section elementor-inner-section elementor-element elementor-element-aa55b43 elementor-section-boxed elementor-section-height-default elementor-section-height-default\" data-id=\"aa55b43\" data-element_type=\"section\" data-e-type=\"section\">\n\t\t\t\t\t\t<div class=\"elementor-container elementor-column-gap-no\">\n\t\t\t\t\t<div class=\"elementor-column elementor-col-50 elementor-inner-column elementor-element elementor-element-b069de8\" data-id=\"b069de8\" data-element_type=\"column\" data-e-type=\"column\">\n\t\t\t<div class=\"elementor-widget-wrap elementor-element-populated\">\n\t\t\t\t\t\t<div class=\"elementor-element elementor-element-ed5c4de elementor-widget elementor-widget-text-editor\" data-id=\"ed5c4de\" data-element_type=\"widget\" data-e-type=\"widget\" data-widget_type=\"text-editor.default\">\n\t\t\t\t<div class=\"elementor-widget-container\">\n\t\t\t\t\t\t\t\t\t<p><strong>2 Octobre<\/strong><\/p><p><strong>10h00 et 15h00<\/strong><\/p><p><strong>2024<\/strong><\/p>\t\t\t\t\t\t\t\t<\/div>\n\t\t\t\t<\/div>\n\t\t\t\t\t<\/div>\n\t\t<\/div>\n\t\t\t\t<div class=\"elementor-column elementor-col-50 elementor-inner-column elementor-element elementor-element-1ed8be8\" data-id=\"1ed8be8\" data-element_type=\"column\" data-e-type=\"column\">\n\t\t\t<div class=\"elementor-widget-wrap elementor-element-populated\">\n\t\t\t\t\t\t<div class=\"elementor-element elementor-element-437e9f6 elementor-widget elementor-widget-text-editor\" data-id=\"437e9f6\" data-element_type=\"widget\" data-e-type=\"widget\" data-widget_type=\"text-editor.default\">\n\t\t\t\t<div class=\"elementor-widget-container\">\n\t\t\t\t\t\t\t\t\t<p><strong>L\u2019Ensemble Orchestral Europ\u00e9en<\/strong><\/p>\n<p>L\u2019Apprenti Sorcier &#8211; M\u00e9diations pour le jeune public<\/p>\n<p>Direction, Fr\u00e9d\u00e9ric Chaine<\/p>\n<p>Le Senghor<\/p>\n<p><strong>366 chauss\u00e9e de Wavre, 1040 Bruxelles<\/strong><\/p>\t\t\t\t\t\t\t\t<\/div>\n\t\t\t\t<\/div>\n\t\t\t\t\t<\/div>\n\t\t<\/div>\n\t\t\t\t\t<\/div>\n\t\t<\/section>\n\t\t\t\t<section class=\"elementor-section elementor-inner-section elementor-element elementor-element-f4d4aa7 elementor-section-boxed elementor-section-height-default elementor-section-height-default\" data-id=\"f4d4aa7\" data-element_type=\"section\" data-e-type=\"section\">\n\t\t\t\t\t\t<div class=\"elementor-container elementor-column-gap-no\">\n\t\t\t\t\t<div class=\"elementor-column elementor-col-50 elementor-inner-column elementor-element elementor-element-51252f8\" data-id=\"51252f8\" data-element_type=\"column\" data-e-type=\"column\">\n\t\t\t<div class=\"elementor-widget-wrap elementor-element-populated\">\n\t\t\t\t\t\t<div class=\"elementor-element elementor-element-3096f72 elementor-widget elementor-widget-text-editor\" data-id=\"3096f72\" data-element_type=\"widget\" data-e-type=\"widget\" data-widget_type=\"text-editor.default\">\n\t\t\t\t<div class=\"elementor-widget-container\">\n\t\t\t\t\t\t\t\t\t<p><strong>14 Juillet<\/strong><\/p><p><strong>20h30<\/strong><\/p><p><strong>2024<\/strong><\/p>\t\t\t\t\t\t\t\t<\/div>\n\t\t\t\t<\/div>\n\t\t\t\t\t<\/div>\n\t\t<\/div>\n\t\t\t\t<div class=\"elementor-column elementor-col-50 elementor-inner-column elementor-element elementor-element-39bc90b\" data-id=\"39bc90b\" data-element_type=\"column\" data-e-type=\"column\">\n\t\t\t<div class=\"elementor-widget-wrap elementor-element-populated\">\n\t\t\t\t\t\t<div class=\"elementor-element elementor-element-c892698 elementor-widget elementor-widget-text-editor\" data-id=\"c892698\" data-element_type=\"widget\" data-e-type=\"widget\" data-widget_type=\"text-editor.default\">\n\t\t\t\t<div class=\"elementor-widget-container\">\n\t\t\t\t\t\t\t\t\t<p><strong>Fr\u00e9d\u00e9ric Chaine Quartet<\/strong><\/p><p><span style=\"font-weight: 400;\">Hommage \u00e0 Django Reinhardt et St\u00e9phane Grappelli<\/span><\/p><p><span style=\"font-weight: 400;\">Violon, Fr\u00e9d\u00e9ric Chaine<\/span><\/p><p><span style=\"font-weight: 400;\">Guitares, Rafael Gouirand et Sam Op de Beeck<\/span><\/p><p><span style=\"font-weight: 400;\">Contrebasse, Antoine Guiot<\/span><\/p><p><span style=\"font-weight: 400;\">The Music Village<\/span><\/p><p><a href=\"https:\/\/themusicvillage.com\/program-2\/?lang=fr\" target=\"_blank\" rel=\"noopener\">Plus d&rsquo;information ici<\/a><\/p><p><strong>Rue des Pierres 50, 1000 Bruxelles<\/strong><\/p>\t\t\t\t\t\t\t\t<\/div>\n\t\t\t\t<\/div>\n\t\t\t\t\t<\/div>\n\t\t<\/div>\n\t\t\t\t\t<\/div>\n\t\t<\/section>\n\t\t\t\t<section class=\"elementor-section elementor-inner-section elementor-element elementor-element-c6a297c elementor-section-boxed elementor-section-height-default elementor-section-height-default\" data-id=\"c6a297c\" data-element_type=\"section\" data-e-type=\"section\">\n\t\t\t\t\t\t<div class=\"elementor-container elementor-column-gap-no\">\n\t\t\t\t\t<div class=\"elementor-column elementor-col-50 elementor-inner-column elementor-element elementor-element-2462d1f\" data-id=\"2462d1f\" data-element_type=\"column\" data-e-type=\"column\">\n\t\t\t<div class=\"elementor-widget-wrap elementor-element-populated\">\n\t\t\t\t\t\t<div class=\"elementor-element elementor-element-c3af7e4 elementor-widget elementor-widget-text-editor\" data-id=\"c3af7e4\" data-element_type=\"widget\" data-e-type=\"widget\" data-widget_type=\"text-editor.default\">\n\t\t\t\t<div class=\"elementor-widget-container\">\n\t\t\t\t\t\t\t\t\t<p><strong>12 Mai<\/strong><\/p><p><strong>16h00<\/strong><\/p><p><strong>2024<\/strong><\/p>\t\t\t\t\t\t\t\t<\/div>\n\t\t\t\t<\/div>\n\t\t\t\t\t<\/div>\n\t\t<\/div>\n\t\t\t\t<div class=\"elementor-column elementor-col-50 elementor-inner-column elementor-element elementor-element-99666ef\" data-id=\"99666ef\" data-element_type=\"column\" data-e-type=\"column\">\n\t\t\t<div class=\"elementor-widget-wrap elementor-element-populated\">\n\t\t\t\t\t\t<div class=\"elementor-element elementor-element-23bab4f elementor-widget elementor-widget-text-editor\" data-id=\"23bab4f\" data-element_type=\"widget\" data-e-type=\"widget\" data-widget_type=\"text-editor.default\">\n\t\t\t\t<div class=\"elementor-widget-container\">\n\t\t\t\t\t\t\t\t\t<p><strong>Fr\u00e9d\u00e9ric Chaine Trio<\/strong><\/p><p><span style=\"font-weight: 400;\">L\u2019h\u00e9ritage du jazz manouche<\/span><\/p><p><span style=\"font-weight: 400;\">Violon, Fr\u00e9d\u00e9ric Chaine<\/span><\/p><p><span style=\"font-weight: 400;\">Guitare, Benjamin Cl\u00e9ment<\/span><\/p><p><span style=\"font-weight: 400;\">Contrebasse, Vilmos Csikos<\/span><\/p><p><span style=\"font-weight: 400;\">Festival \u201cLes Rendez-vous musicaux\u201d<\/span><\/p><p><a href=\"http:\/\/stjac.be\/?page_id=7537\" target=\"_blank\" rel=\"noopener\">Plus d&rsquo;information ici<\/a><\/p><p><strong>Rue du March\u00e9 au Charbon 91, 1000 Bruxelles<\/strong><\/p>\t\t\t\t\t\t\t\t<\/div>\n\t\t\t\t<\/div>\n\t\t\t\t\t<\/div>\n\t\t<\/div>\n\t\t\t\t\t<\/div>\n\t\t<\/section>\n\t\t\t\t<section class=\"elementor-section elementor-inner-section elementor-element elementor-element-39d0d1c elementor-section-boxed elementor-section-height-default elementor-section-height-default\" data-id=\"39d0d1c\" data-element_type=\"section\" data-e-type=\"section\">\n\t\t\t\t\t\t<div class=\"elementor-container elementor-column-gap-no\">\n\t\t\t\t\t<div class=\"elementor-column elementor-col-50 elementor-inner-column elementor-element elementor-element-a3696da\" data-id=\"a3696da\" data-element_type=\"column\" data-e-type=\"column\">\n\t\t\t<div class=\"elementor-widget-wrap elementor-element-populated\">\n\t\t\t\t\t\t<div class=\"elementor-element elementor-element-c717feb elementor-widget elementor-widget-text-editor\" data-id=\"c717feb\" data-element_type=\"widget\" data-e-type=\"widget\" data-widget_type=\"text-editor.default\">\n\t\t\t\t<div class=\"elementor-widget-container\">\n\t\t\t\t\t\t\t\t\t<p><strong>24 Avril<\/strong><\/p><p><strong>20h30<\/strong><\/p><p><strong>2024<\/strong><\/p>\t\t\t\t\t\t\t\t<\/div>\n\t\t\t\t<\/div>\n\t\t\t\t\t<\/div>\n\t\t<\/div>\n\t\t\t\t<div class=\"elementor-column elementor-col-50 elementor-inner-column elementor-element elementor-element-4474d64\" data-id=\"4474d64\" data-element_type=\"column\" data-e-type=\"column\">\n\t\t\t<div class=\"elementor-widget-wrap elementor-element-populated\">\n\t\t\t\t\t\t<div class=\"elementor-element elementor-element-4c591d9 elementor-widget elementor-widget-text-editor\" data-id=\"4c591d9\" data-element_type=\"widget\" data-e-type=\"widget\" data-widget_type=\"text-editor.default\">\n\t\t\t\t<div class=\"elementor-widget-container\">\n\t\t\t\t\t\t\t\t\t<p><strong>Fr\u00e9d\u00e9ric Chaine Trio<\/strong><\/p><p><span style=\"font-weight: 400;\">L\u2019h\u00e9ritage du jazz manouche<\/span><\/p><p><span style=\"font-weight: 400;\">Violon, Fr\u00e9d\u00e9ric Chaine<\/span><\/p><p><span style=\"font-weight: 400;\">Guitare, J\u00e9r\u00e9mie Pellaz<\/span><\/p><p><span style=\"font-weight: 400;\">Contrebasse, Vilmos Csikos<\/span><\/p><p><span style=\"font-weight: 400;\">The Music Village<\/span><\/p><p><a href=\"https:\/\/themusicvillage.com\/program-2\/?lang=fr\" target=\"_blank\" rel=\"noopener\">Plus d&rsquo;information ici<\/a><\/p><p><strong>Rue des Pierres 50, 1000 Bruxelles<\/strong><\/p>\t\t\t\t\t\t\t\t<\/div>\n\t\t\t\t<\/div>\n\t\t\t\t\t<\/div>\n\t\t<\/div>\n\t\t\t\t\t<\/div>\n\t\t<\/section>\n\t\t\t\t<section class=\"elementor-section elementor-inner-section elementor-element elementor-element-33b1d0a elementor-section-boxed elementor-section-height-default elementor-section-height-default\" data-id=\"33b1d0a\" data-element_type=\"section\" data-e-type=\"section\">\n\t\t\t\t\t\t<div class=\"elementor-container elementor-column-gap-no\">\n\t\t\t\t\t<div class=\"elementor-column elementor-col-50 elementor-inner-column elementor-element elementor-element-f7f13fe\" data-id=\"f7f13fe\" data-element_type=\"column\" data-e-type=\"column\">\n\t\t\t<div class=\"elementor-widget-wrap elementor-element-populated\">\n\t\t\t\t\t\t<div class=\"elementor-element elementor-element-020faf8 elementor-widget elementor-widget-text-editor\" data-id=\"020faf8\" data-element_type=\"widget\" data-e-type=\"widget\" data-widget_type=\"text-editor.default\">\n\t\t\t\t<div class=\"elementor-widget-container\">\n\t\t\t\t\t\t\t\t\t<p><strong>21 Avril<\/strong><\/p><p><strong>16h00<\/strong><\/p><p><strong>2024<\/strong><\/p>\t\t\t\t\t\t\t\t<\/div>\n\t\t\t\t<\/div>\n\t\t\t\t\t<\/div>\n\t\t<\/div>\n\t\t\t\t<div class=\"elementor-column elementor-col-50 elementor-inner-column elementor-element elementor-element-62343f2\" data-id=\"62343f2\" data-element_type=\"column\" data-e-type=\"column\">\n\t\t\t<div class=\"elementor-widget-wrap elementor-element-populated\">\n\t\t\t\t\t\t<div class=\"elementor-element elementor-element-b88cb9b elementor-widget elementor-widget-text-editor\" data-id=\"b88cb9b\" data-element_type=\"widget\" data-e-type=\"widget\" data-widget_type=\"text-editor.default\">\n\t\t\t\t<div class=\"elementor-widget-container\">\n\t\t\t\t\t\t\t\t\t<p><strong>L\u2019Ensemble Orchestral Europ\u00e9en<\/strong><\/p><p>Mozart, Suk, Turina<\/p><p><span style=\"font-weight: 400;\">Direction, Fr\u00e9d\u00e9ric Chaine<\/span><\/p><p><span style=\"font-weight: 400;\">Festival \u201cLes Rendez-vous musicaux\u201d<\/span><\/p><p><a href=\"http:\/\/stjac.be\/?page_id=7537\" target=\"_blank\" rel=\"noopener\">Plus d&rsquo;information ici<\/a><\/p><p><strong>Rue du March\u00e9 au Charbon 91, 1000 Bruxelles<\/strong><\/p>\t\t\t\t\t\t\t\t<\/div>\n\t\t\t\t<\/div>\n\t\t\t\t\t<\/div>\n\t\t<\/div>\n\t\t\t\t\t<\/div>\n\t\t<\/section>\n\t\t\t\t<section class=\"elementor-section elementor-inner-section elementor-element elementor-element-22d4c4f elementor-section-boxed elementor-section-height-default elementor-section-height-default\" data-id=\"22d4c4f\" data-element_type=\"section\" data-e-type=\"section\">\n\t\t\t\t\t\t<div class=\"elementor-container elementor-column-gap-no\">\n\t\t\t\t\t<div class=\"elementor-column elementor-col-50 elementor-inner-column elementor-element elementor-element-58f699c\" data-id=\"58f699c\" data-element_type=\"column\" data-e-type=\"column\">\n\t\t\t<div class=\"elementor-widget-wrap elementor-element-populated\">\n\t\t\t\t\t\t<div class=\"elementor-element elementor-element-8673ddf elementor-widget elementor-widget-text-editor\" data-id=\"8673ddf\" data-element_type=\"widget\" data-e-type=\"widget\" data-widget_type=\"text-editor.default\">\n\t\t\t\t<div class=\"elementor-widget-container\">\n\t\t\t\t\t\t\t\t\t<p><strong>17 Avril<\/strong><\/p><p><strong>20h30<\/strong><\/p><p><strong>2024<\/strong><\/p>\t\t\t\t\t\t\t\t<\/div>\n\t\t\t\t<\/div>\n\t\t\t\t\t<\/div>\n\t\t<\/div>\n\t\t\t\t<div class=\"elementor-column elementor-col-50 elementor-inner-column elementor-element elementor-element-283349e\" data-id=\"283349e\" data-element_type=\"column\" data-e-type=\"column\">\n\t\t\t<div class=\"elementor-widget-wrap elementor-element-populated\">\n\t\t\t\t\t\t<div class=\"elementor-element elementor-element-e17cba9 elementor-widget elementor-widget-text-editor\" data-id=\"e17cba9\" data-element_type=\"widget\" data-e-type=\"widget\" data-widget_type=\"text-editor.default\">\n\t\t\t\t<div class=\"elementor-widget-container\">\n\t\t\t\t\t\t\t\t\t<p><strong>Fr\u00e9d\u00e9ric Chaine Quartet<\/strong><\/p><p><span style=\"font-weight: 400;\">Hommage \u00e0 Duke Ellington<\/span><\/p><p><span style=\"font-weight: 400;\">Violon, Fr\u00e9d\u00e9ric Chaine<\/span><\/p><p><span style=\"font-weight: 400;\">Piano, Wajdi Riahi<\/span><\/p><p><span style=\"font-weight: 400;\">Contrebasse, Basile Rahola<\/span><\/p><p><span style=\"font-weight: 400;\">Batterie, Daniel Jonkers<\/span><\/p><p><span style=\"font-weight: 400;\">The Music Village<\/span><\/p><p><a href=\"https:\/\/themusicvillage.com\/program-2\/?lang=fr\" target=\"_blank\" rel=\"noopener\"><span style=\"font-weight: 400;\">Programme \u2013 The Music Village<\/span><\/a><\/p><p><b>Rue des Pierres 50, 1000 Bruxelles<\/b><\/p>\t\t\t\t\t\t\t\t<\/div>\n\t\t\t\t<\/div>\n\t\t\t\t\t<\/div>\n\t\t<\/div>\n\t\t\t\t\t<\/div>\n\t\t<\/section>\n\t\t\t\t<section class=\"elementor-section elementor-inner-section elementor-element elementor-element-62a3cf4 elementor-section-boxed elementor-section-height-default elementor-section-height-default\" data-id=\"62a3cf4\" data-element_type=\"section\" data-e-type=\"section\">\n\t\t\t\t\t\t<div class=\"elementor-container elementor-column-gap-no\">\n\t\t\t\t\t<div class=\"elementor-column elementor-col-50 elementor-inner-column elementor-element elementor-element-b6da39a\" data-id=\"b6da39a\" data-element_type=\"column\" data-e-type=\"column\">\n\t\t\t<div class=\"elementor-widget-wrap elementor-element-populated\">\n\t\t\t\t\t\t<div class=\"elementor-element elementor-element-ce9cf83 elementor-widget elementor-widget-text-editor\" data-id=\"ce9cf83\" data-element_type=\"widget\" data-e-type=\"widget\" data-widget_type=\"text-editor.default\">\n\t\t\t\t<div class=\"elementor-widget-container\">\n\t\t\t\t\t\t\t\t\t<p><strong>11 Avril<\/strong><\/p><p><strong>16h30<\/strong><\/p><p><strong>2024<\/strong><\/p>\t\t\t\t\t\t\t\t<\/div>\n\t\t\t\t<\/div>\n\t\t\t\t\t<\/div>\n\t\t<\/div>\n\t\t\t\t<div class=\"elementor-column elementor-col-50 elementor-inner-column elementor-element elementor-element-efece32\" data-id=\"efece32\" data-element_type=\"column\" data-e-type=\"column\">\n\t\t\t<div class=\"elementor-widget-wrap elementor-element-populated\">\n\t\t\t\t\t\t<div class=\"elementor-element elementor-element-c2488bc elementor-widget elementor-widget-text-editor\" data-id=\"c2488bc\" data-element_type=\"widget\" data-e-type=\"widget\" data-widget_type=\"text-editor.default\">\n\t\t\t\t<div class=\"elementor-widget-container\">\n\t\t\t\t\t\t\t\t\t<p><strong>L\u2019Ensemble Orchestral Europ\u00e9en<\/strong><\/p><p><span style=\"font-weight: 400;\">Direction, Fr\u00e9d\u00e9ric Chaine<\/span><\/p><p><span style=\"font-weight: 400;\">Concert pour la Pr\u00e9sidence Belge de l\u2019EU<\/span><\/p><p><span style=\"font-weight: 400;\">Palais d\u2019Egmont<\/span><\/p><p><strong>Pl. du Petit Sablon 8, 1000 Bruxelles<\/strong><\/p>\t\t\t\t\t\t\t\t<\/div>\n\t\t\t\t<\/div>\n\t\t\t\t\t<\/div>\n\t\t<\/div>\n\t\t\t\t\t<\/div>\n\t\t<\/section>\n\t\t\t\t<section class=\"elementor-section elementor-inner-section elementor-element elementor-element-23c0a4e elementor-section-boxed elementor-section-height-default elementor-section-height-default\" data-id=\"23c0a4e\" data-element_type=\"section\" data-e-type=\"section\">\n\t\t\t\t\t\t<div class=\"elementor-container elementor-column-gap-no\">\n\t\t\t\t\t<div class=\"elementor-column elementor-col-50 elementor-inner-column elementor-element elementor-element-52cbd61\" data-id=\"52cbd61\" data-element_type=\"column\" data-e-type=\"column\">\n\t\t\t<div class=\"elementor-widget-wrap elementor-element-populated\">\n\t\t\t\t\t\t<div class=\"elementor-element elementor-element-774cc80 elementor-widget elementor-widget-text-editor\" data-id=\"774cc80\" data-element_type=\"widget\" data-e-type=\"widget\" data-widget_type=\"text-editor.default\">\n\t\t\t\t<div class=\"elementor-widget-container\">\n\t\t\t\t\t\t\t\t\t<p><strong>10 Avril<\/strong><\/p><p><strong>20h30<\/strong><\/p><p><strong>2024<\/strong><\/p>\t\t\t\t\t\t\t\t<\/div>\n\t\t\t\t<\/div>\n\t\t\t\t\t<\/div>\n\t\t<\/div>\n\t\t\t\t<div class=\"elementor-column elementor-col-50 elementor-inner-column elementor-element elementor-element-e79e3f8\" data-id=\"e79e3f8\" data-element_type=\"column\" data-e-type=\"column\">\n\t\t\t<div class=\"elementor-widget-wrap elementor-element-populated\">\n\t\t\t\t\t\t<div class=\"elementor-element elementor-element-11f0bf0 elementor-widget elementor-widget-text-editor\" data-id=\"11f0bf0\" data-element_type=\"widget\" data-e-type=\"widget\" data-widget_type=\"text-editor.default\">\n\t\t\t\t<div class=\"elementor-widget-container\">\n\t\t\t\t\t\t\t\t\t<p><strong>Fr\u00e9d\u00e9ric Chaine Trio<\/strong><\/p><p><span style=\"font-weight: 400;\">Hommage \u00e0 St\u00e9phane Grappelli<\/span><\/p><p><span style=\"font-weight: 400;\">Violon, Fr\u00e9d\u00e9ric Chaine<\/span><\/p><p><span style=\"font-weight: 400;\">Guitare, Matteo Di Leonardo<\/span><\/p><p><span style=\"font-weight: 400;\">Contrebasse, S\u00e9bastien Hugue<\/span><\/p><p><span style=\"font-weight: 400;\">The Music Village<\/span><\/p><p><a href=\"https:\/\/themusicvillage.com\/program-2\/?lang=fr\" target=\"_blank\" rel=\"noopener\"><span style=\"font-weight: 400;\">Programme \u2013 The Music Village<\/span><\/a><\/p><p><b>Rue des Pierres 50, 1000 Bruxelles<\/b><\/p>\t\t\t\t\t\t\t\t<\/div>\n\t\t\t\t<\/div>\n\t\t\t\t\t<\/div>\n\t\t<\/div>\n\t\t\t\t\t<\/div>\n\t\t<\/section>\n\t\t\t\t<section class=\"elementor-section elementor-inner-section elementor-element elementor-element-6794aa9 elementor-section-boxed elementor-section-height-default elementor-section-height-default\" data-id=\"6794aa9\" data-element_type=\"section\" data-e-type=\"section\">\n\t\t\t\t\t\t<div class=\"elementor-container elementor-column-gap-no\">\n\t\t\t\t\t<div class=\"elementor-column elementor-col-50 elementor-inner-column elementor-element elementor-element-e20305a\" data-id=\"e20305a\" data-element_type=\"column\" data-e-type=\"column\">\n\t\t\t<div class=\"elementor-widget-wrap elementor-element-populated\">\n\t\t\t\t\t\t<div class=\"elementor-element elementor-element-cd76269 elementor-widget elementor-widget-text-editor\" data-id=\"cd76269\" data-element_type=\"widget\" data-e-type=\"widget\" data-widget_type=\"text-editor.default\">\n\t\t\t\t<div class=\"elementor-widget-container\">\n\t\t\t\t\t\t\t\t\t<p><strong>3 Avril<\/strong><\/p><p><strong>20h30<\/strong><\/p><p><strong>2024<\/strong><\/p>\t\t\t\t\t\t\t\t<\/div>\n\t\t\t\t<\/div>\n\t\t\t\t\t<\/div>\n\t\t<\/div>\n\t\t\t\t<div class=\"elementor-column elementor-col-50 elementor-inner-column elementor-element elementor-element-d135d9f\" data-id=\"d135d9f\" data-element_type=\"column\" data-e-type=\"column\">\n\t\t\t<div class=\"elementor-widget-wrap elementor-element-populated\">\n\t\t\t\t\t\t<div class=\"elementor-element elementor-element-2889726 elementor-widget elementor-widget-text-editor\" data-id=\"2889726\" data-element_type=\"widget\" data-e-type=\"widget\" data-widget_type=\"text-editor.default\">\n\t\t\t\t<div class=\"elementor-widget-container\">\n\t\t\t\t\t\t\t\t\t<p><strong>Fr\u00e9d\u00e9ric Chaine Quartet<\/strong><\/p><p><span style=\"font-weight: 400;\">Hommage \u00e0 Django Reinhardt et St\u00e9phane Grappelli<\/span><\/p><p><span style=\"font-weight: 400;\">Violon, Fr\u00e9d\u00e9ric Chaine<\/span><\/p><p><span style=\"font-weight: 400;\">Guitares, Rafael Gouirand et Fr\u00e9d\u00e9ric Gu\u00e9don<\/span><\/p><p><span style=\"font-weight: 400;\">Contrebasse, Vilmos Csikos<\/span><\/p><p><span style=\"font-weight: 400;\">The Music Village<\/span><\/p><p><a href=\"https:\/\/themusicvillage.com\/program-2\/?lang=fr\" target=\"_blank\" rel=\"noopener\"><span style=\"font-weight: 400;\">Programme \u2013 The Music Village<\/span><\/a><\/p><p><b>Rue des Pierres 50, 1000 Bruxelles<\/b><\/p>\t\t\t\t\t\t\t\t<\/div>\n\t\t\t\t<\/div>\n\t\t\t\t\t<\/div>\n\t\t<\/div>\n\t\t\t\t\t<\/div>\n\t\t<\/section>\n\t\t\t\t<section class=\"elementor-section elementor-inner-section elementor-element elementor-element-aacac49 elementor-section-boxed elementor-section-height-default elementor-section-height-default\" data-id=\"aacac49\" data-element_type=\"section\" data-e-type=\"section\">\n\t\t\t\t\t\t<div class=\"elementor-container elementor-column-gap-no\">\n\t\t\t\t\t<div class=\"elementor-column elementor-col-50 elementor-inner-column elementor-element elementor-element-b37d0be\" data-id=\"b37d0be\" data-element_type=\"column\" data-e-type=\"column\">\n\t\t\t<div class=\"elementor-widget-wrap elementor-element-populated\">\n\t\t\t\t\t\t<div class=\"elementor-element elementor-element-0f8cb82 elementor-widget elementor-widget-text-editor\" data-id=\"0f8cb82\" data-element_type=\"widget\" data-e-type=\"widget\" data-widget_type=\"text-editor.default\">\n\t\t\t\t<div class=\"elementor-widget-container\">\n\t\t\t\t\t\t\t\t\t<p><strong>9 et 10 D\u00e9cembre<\/strong><\/p><p><strong>16h00<\/strong><\/p><p><strong>2023  <\/strong><\/p>\t\t\t\t\t\t\t\t<\/div>\n\t\t\t\t<\/div>\n\t\t\t\t\t<\/div>\n\t\t<\/div>\n\t\t\t\t<div class=\"elementor-column elementor-col-50 elementor-inner-column elementor-element elementor-element-5e5491c\" data-id=\"5e5491c\" data-element_type=\"column\" data-e-type=\"column\">\n\t\t\t<div class=\"elementor-widget-wrap elementor-element-populated\">\n\t\t\t\t\t\t<div class=\"elementor-element elementor-element-7d7c105 elementor-widget elementor-widget-text-editor\" data-id=\"7d7c105\" data-element_type=\"widget\" data-e-type=\"widget\" data-widget_type=\"text-editor.default\">\n\t\t\t\t<div class=\"elementor-widget-container\">\n\t\t\t\t\t\t\t\t\t<p><strong>Fr\u00e9d\u00e9ric Chaine Trio<\/strong><\/p><p><span style=\"font-weight: 400;\">Hommage \u00e0 Django Reinhardt et St\u00e9phane Grappelli<\/span><\/p><p><span style=\"font-weight: 400;\">Violon, Fr\u00e9d\u00e9ric Chaine<\/span><\/p><p><span style=\"font-weight: 400;\">Guitare, Benjamin Cl\u00e9ment<\/span><\/p><p><span style=\"font-weight: 400;\">Contrebasse, Vilmos Csikos<\/span><\/p><p>Galerie Lamy &#8211; Oriental Fine Arts<\/p><p><b>Rue Ernest Allard 23, 1000 Bruxelles<\/b><\/p>\t\t\t\t\t\t\t\t<\/div>\n\t\t\t\t<\/div>\n\t\t\t\t\t<\/div>\n\t\t<\/div>\n\t\t\t\t\t<\/div>\n\t\t<\/section>\n\t\t\t\t<section class=\"elementor-section elementor-inner-section elementor-element elementor-element-d31c680 elementor-section-boxed elementor-section-height-default elementor-section-height-default\" data-id=\"d31c680\" data-element_type=\"section\" data-e-type=\"section\">\n\t\t\t\t\t\t<div class=\"elementor-container elementor-column-gap-no\">\n\t\t\t\t\t<div class=\"elementor-column elementor-col-50 elementor-inner-column elementor-element elementor-element-5f8cccb\" data-id=\"5f8cccb\" data-element_type=\"column\" data-e-type=\"column\">\n\t\t\t<div class=\"elementor-widget-wrap elementor-element-populated\">\n\t\t\t\t\t\t<div class=\"elementor-element elementor-element-dd9a30a elementor-widget elementor-widget-text-editor\" data-id=\"dd9a30a\" data-element_type=\"widget\" data-e-type=\"widget\" data-widget_type=\"text-editor.default\">\n\t\t\t\t<div class=\"elementor-widget-container\">\n\t\t\t\t\t\t\t\t\t<p><strong>25 Novembre<\/strong><\/p><p><strong>20h30<\/strong><\/p><p><strong>2023  <\/strong><\/p>\t\t\t\t\t\t\t\t<\/div>\n\t\t\t\t<\/div>\n\t\t\t\t\t<\/div>\n\t\t<\/div>\n\t\t\t\t<div class=\"elementor-column elementor-col-50 elementor-inner-column elementor-element elementor-element-660239c\" data-id=\"660239c\" data-element_type=\"column\" data-e-type=\"column\">\n\t\t\t<div class=\"elementor-widget-wrap elementor-element-populated\">\n\t\t\t\t\t\t<div class=\"elementor-element elementor-element-d853aac elementor-widget elementor-widget-text-editor\" data-id=\"d853aac\" data-element_type=\"widget\" data-e-type=\"widget\" data-widget_type=\"text-editor.default\">\n\t\t\t\t<div class=\"elementor-widget-container\">\n\t\t\t\t\t\t\t\t\t<p><strong>Choeur Cantabile <\/strong><\/p><p><span style=\"font-weight: 400;\">Rheinberger<\/span><\/p><p><span style=\"font-weight: 400;\">Direction, Fr\u00e9d\u00e9ric Chaine<\/span><\/p><p><span style=\"font-weight: 400;\">Solistes, Rapha\u00eble Andrieu, Lise-El\u00e9onore Ravot, Camille Tresmontant, Rapha\u00ebl Marbaud, Catherine Chaine<\/span><\/p><p>Coll\u00e9giale de Villeneuve<\/p><p class=\"p1\"><span class=\"s1\"><a href=\"https:\/\/avignon-tourisme.com\/offres\/concert-du-choeur-cantabile-villeneuve-les-avignon-fr-4440294\/\" target=\"_blank\" rel=\"noopener\"><b>Concert du Ch\u0153ur Cantabile (Villeneuve-l\u00e8s-Avignon) | Avignon Tourisme Cr\u00e9ateur d&rsquo;exp\u00e9riences &#8211; Avignon Tourisme (avignon-tourisme.com)<\/b><\/a><\/span><\/p><p class=\"p2\"><span class=\"s2\"><b>Notre Dame, place Messonier, Villeneuve les Avignon<\/b><\/span><\/p>\t\t\t\t\t\t\t\t<\/div>\n\t\t\t\t<\/div>\n\t\t\t\t\t<\/div>\n\t\t<\/div>\n\t\t\t\t\t<\/div>\n\t\t<\/section>\n\t\t\t\t<section class=\"elementor-section elementor-inner-section elementor-element elementor-element-2dbfede elementor-section-boxed elementor-section-height-default elementor-section-height-default\" data-id=\"2dbfede\" data-element_type=\"section\" data-e-type=\"section\">\n\t\t\t\t\t\t<div class=\"elementor-container elementor-column-gap-no\">\n\t\t\t\t\t<div class=\"elementor-column elementor-col-50 elementor-inner-column elementor-element elementor-element-4902357\" data-id=\"4902357\" data-element_type=\"column\" data-e-type=\"column\">\n\t\t\t<div class=\"elementor-widget-wrap elementor-element-populated\">\n\t\t\t\t\t\t<div class=\"elementor-element elementor-element-049a20c elementor-widget elementor-widget-text-editor\" data-id=\"049a20c\" data-element_type=\"widget\" data-e-type=\"widget\" data-widget_type=\"text-editor.default\">\n\t\t\t\t<div class=\"elementor-widget-container\">\n\t\t\t\t\t\t\t\t\t<p><strong>11 Octobre<br><\/strong><\/p><p><strong>10h et 14h30<\/strong><\/p><p><strong>2023<\/strong><\/p>\t\t\t\t\t\t\t\t<\/div>\n\t\t\t\t<\/div>\n\t\t\t\t\t<\/div>\n\t\t<\/div>\n\t\t\t\t<div class=\"elementor-column elementor-col-50 elementor-inner-column elementor-element elementor-element-b8b213e\" data-id=\"b8b213e\" data-element_type=\"column\" data-e-type=\"column\">\n\t\t\t<div class=\"elementor-widget-wrap elementor-element-populated\">\n\t\t\t\t\t\t<div class=\"elementor-element elementor-element-4bd341e elementor-widget elementor-widget-text-editor\" data-id=\"4bd341e\" data-element_type=\"widget\" data-e-type=\"widget\" data-widget_type=\"text-editor.default\">\n\t\t\t\t<div class=\"elementor-widget-container\">\n\t\t\t\t\t\t\t\t\t<p><strong>L\u2019Ensemble Orchestral Europ\u00e9en<\/strong><br><strong>Mozart &#8211; Educational concerts<\/strong><\/p><p>Conductor, Fr\u00e9d\u00e9ric Chaine<br>Soloist, Vilmos Csikos<br>Cultural Center Uccle<\/p><p><a href=\"https:\/\/www.ccu.be\/projects\/mozart-fait-son-show-2023-24\/\" target=\"_blank\" rel=\"noopener\">Mozart fait son show &#8211; 2023\/24 &#8211; ccu<\/a><br><strong><br>Rue Rouge 47 &#8211; 1080 Brussels<\/strong><\/p>\t\t\t\t\t\t\t\t<\/div>\n\t\t\t\t<\/div>\n\t\t\t\t\t<\/div>\n\t\t<\/div>\n\t\t\t\t\t<\/div>\n\t\t<\/section>\n\t\t\t\t<section class=\"elementor-section elementor-inner-section elementor-element elementor-element-1ef2579 elementor-section-boxed elementor-section-height-default elementor-section-height-default\" data-id=\"1ef2579\" data-element_type=\"section\" data-e-type=\"section\">\n\t\t\t\t\t\t<div class=\"elementor-container elementor-column-gap-no\">\n\t\t\t\t\t<div class=\"elementor-column elementor-col-50 elementor-inner-column elementor-element elementor-element-b9ab6e8\" data-id=\"b9ab6e8\" data-element_type=\"column\" data-e-type=\"column\">\n\t\t\t<div class=\"elementor-widget-wrap elementor-element-populated\">\n\t\t\t\t\t\t<div class=\"elementor-element elementor-element-ae1fc01 elementor-widget elementor-widget-text-editor\" data-id=\"ae1fc01\" data-element_type=\"widget\" data-e-type=\"widget\" data-widget_type=\"text-editor.default\">\n\t\t\t\t<div class=\"elementor-widget-container\">\n\t\t\t\t\t\t\t\t\t<p><strong>4 Octobre<\/strong><\/p><p><strong>10 h et 15 h<\/strong><\/p><p><strong>2023  <\/strong><\/p>\t\t\t\t\t\t\t\t<\/div>\n\t\t\t\t<\/div>\n\t\t\t\t\t<\/div>\n\t\t<\/div>\n\t\t\t\t<div class=\"elementor-column elementor-col-50 elementor-inner-column elementor-element elementor-element-4e2874b\" data-id=\"4e2874b\" data-element_type=\"column\" data-e-type=\"column\">\n\t\t\t<div class=\"elementor-widget-wrap elementor-element-populated\">\n\t\t\t\t\t\t<div class=\"elementor-element elementor-element-6fe45b1 elementor-widget elementor-widget-text-editor\" data-id=\"6fe45b1\" data-element_type=\"widget\" data-e-type=\"widget\" data-widget_type=\"text-editor.default\">\n\t\t\t\t<div class=\"elementor-widget-container\">\n\t\t\t\t\t\t\t\t\t<p><strong>L\u2019Ensemble Orchestral Europ\u00e9en<br><\/strong><strong>Mozart &#8211; Educational concerts <\/strong> <\/p><p><span style=\"font-weight: 400;\">Conductor, Fr\u00e9d\u00e9ric Chaine<br><\/span><span style=\"font-weight: 400;\">Soloist, Vilmos Csikos<br><\/span><span style=\"font-weight: 400;\">Cultural Center Senghor<\/span><\/p><p><a href=\"https:\/\/www.senghor.be\/event\/mozart-fait-son-show\/\" target=\"_blank\" rel=\"noopener\"><span style=\"font-weight: 400;\">Le Senghor | Mozart fait son show<\/span><\/a><\/p><p><b>366 chauss\u00e9e de Wavre &#8211; 1040 Bruxelles<\/b><\/p>\t\t\t\t\t\t\t\t<\/div>\n\t\t\t\t<\/div>\n\t\t\t\t\t<\/div>\n\t\t<\/div>\n\t\t\t\t\t<\/div>\n\t\t<\/section>\n\t\t\t\t<section class=\"elementor-section elementor-inner-section elementor-element elementor-element-5f722aa elementor-section-boxed elementor-section-height-default elementor-section-height-default\" data-id=\"5f722aa\" data-element_type=\"section\" data-e-type=\"section\">\n\t\t\t\t\t\t<div class=\"elementor-container elementor-column-gap-no\">\n\t\t\t\t\t<div class=\"elementor-column elementor-col-50 elementor-inner-column elementor-element elementor-element-a87e660\" data-id=\"a87e660\" data-element_type=\"column\" data-e-type=\"column\">\n\t\t\t<div class=\"elementor-widget-wrap elementor-element-populated\">\n\t\t\t\t\t\t<div class=\"elementor-element elementor-element-bd4f469 elementor-widget elementor-widget-text-editor\" data-id=\"bd4f469\" data-element_type=\"widget\" data-e-type=\"widget\" data-widget_type=\"text-editor.default\">\n\t\t\t\t<div class=\"elementor-widget-container\">\n\t\t\t\t\t\t\t\t\t<p><strong>16 Septembre &#8211;<\/strong> <strong>18h<\/strong><\/p><p><strong>2023<\/strong><\/p>\t\t\t\t\t\t\t\t<\/div>\n\t\t\t\t<\/div>\n\t\t\t\t\t<\/div>\n\t\t<\/div>\n\t\t\t\t<div class=\"elementor-column elementor-col-50 elementor-inner-column elementor-element elementor-element-f6de5dc\" data-id=\"f6de5dc\" data-element_type=\"column\" data-e-type=\"column\">\n\t\t\t<div class=\"elementor-widget-wrap elementor-element-populated\">\n\t\t\t\t\t\t<div class=\"elementor-element elementor-element-32b15af elementor-widget elementor-widget-text-editor\" data-id=\"32b15af\" data-element_type=\"widget\" data-e-type=\"widget\" data-widget_type=\"text-editor.default\">\n\t\t\t\t<div class=\"elementor-widget-container\">\n\t\t\t\t\t\t\t\t\t<p><strong>Fr\u00e9d\u00e9ric Chaine Quartet<\/strong><\/p><p><span style=\"font-weight: 400;\">Hommage \u00e0 Django Reinhardt et St\u00e9phane Grappelli<\/span><br><span style=\"font-weight: 400;\">Centre Culturel Senghor<\/span><\/p><p><a href=\"https:\/\/www.senghor.be\/event\/ouverture-de-saison\/\" target=\"_blank\" rel=\"noopener\"><span style=\"font-weight: 400;\">Le Senghor | Ouverture de saison<\/span><\/a><\/p><p><b>366 chauss\u00e9e de Wavre &#8211; 1040 Bruxelles<\/b><\/p>\t\t\t\t\t\t\t\t<\/div>\n\t\t\t\t<\/div>\n\t\t\t\t\t<\/div>\n\t\t<\/div>\n\t\t\t\t\t<\/div>\n\t\t<\/section>\n\t\t\t\t<section class=\"elementor-section elementor-inner-section elementor-element elementor-element-7ed691e elementor-section-boxed elementor-section-height-default elementor-section-height-default\" data-id=\"7ed691e\" data-element_type=\"section\" data-e-type=\"section\">\n\t\t\t\t\t\t<div class=\"elementor-container elementor-column-gap-no\">\n\t\t\t\t\t<div class=\"elementor-column elementor-col-50 elementor-inner-column elementor-element elementor-element-17cad46\" data-id=\"17cad46\" data-element_type=\"column\" data-e-type=\"column\">\n\t\t\t<div class=\"elementor-widget-wrap elementor-element-populated\">\n\t\t\t\t\t\t<div class=\"elementor-element elementor-element-ee16dd0 elementor-widget elementor-widget-text-editor\" data-id=\"ee16dd0\" data-element_type=\"widget\" data-e-type=\"widget\" data-widget_type=\"text-editor.default\">\n\t\t\t\t<div class=\"elementor-widget-container\">\n\t\t\t\t\t\t\t\t\t<p><strong>6 juillet &#8211; 21 heures<\/strong><\/p><p><strong>2023<\/strong><\/p>\t\t\t\t\t\t\t\t<\/div>\n\t\t\t\t<\/div>\n\t\t\t\t\t<\/div>\n\t\t<\/div>\n\t\t\t\t<div class=\"elementor-column elementor-col-50 elementor-inner-column elementor-element elementor-element-6941212\" data-id=\"6941212\" data-element_type=\"column\" data-e-type=\"column\">\n\t\t\t<div class=\"elementor-widget-wrap elementor-element-populated\">\n\t\t\t\t\t\t<div class=\"elementor-element elementor-element-c04d048 elementor-widget elementor-widget-text-editor\" data-id=\"c04d048\" data-element_type=\"widget\" data-e-type=\"widget\" data-widget_type=\"text-editor.default\">\n\t\t\t\t<div class=\"elementor-widget-container\">\n\t\t\t\t\t\t\t\t\t<p><strong>Fr\u00e9d\u00e9ric Chaine Trio<\/strong><\/p><p><span style=\"font-weight: 400;\">Tribute St\u00e9phane Grappelli<br><\/span><span style=\"font-weight: 400;\">The Music Village<\/span><\/p><p><b>Rue des Pierres 50, 1000 Bruxelles<\/b><\/p>\t\t\t\t\t\t\t\t<\/div>\n\t\t\t\t<\/div>\n\t\t\t\t\t<\/div>\n\t\t<\/div>\n\t\t\t\t\t<\/div>\n\t\t<\/section>\n\t\t\t\t<section class=\"elementor-section elementor-inner-section elementor-element elementor-element-aa10ebc elementor-section-boxed elementor-section-height-default elementor-section-height-default\" data-id=\"aa10ebc\" data-element_type=\"section\" data-e-type=\"section\">\n\t\t\t\t\t\t<div class=\"elementor-container elementor-column-gap-no\">\n\t\t\t\t\t<div class=\"elementor-column elementor-col-50 elementor-inner-column elementor-element elementor-element-cabfc44\" data-id=\"cabfc44\" data-element_type=\"column\" data-e-type=\"column\">\n\t\t\t<div class=\"elementor-widget-wrap elementor-element-populated\">\n\t\t\t\t\t\t<div class=\"elementor-element elementor-element-eeb29d1 elementor-widget elementor-widget-text-editor\" data-id=\"eeb29d1\" data-element_type=\"widget\" data-e-type=\"widget\" data-widget_type=\"text-editor.default\">\n\t\t\t\t<div class=\"elementor-widget-container\">\n\t\t\t\t\t\t\t\t\t<p><strong>2 juillet &#8211; 16 heures<\/strong><\/p><p><strong>2023<\/strong><\/p>\t\t\t\t\t\t\t\t<\/div>\n\t\t\t\t<\/div>\n\t\t\t\t\t<\/div>\n\t\t<\/div>\n\t\t\t\t<div class=\"elementor-column elementor-col-50 elementor-inner-column elementor-element elementor-element-c6840bc\" data-id=\"c6840bc\" data-element_type=\"column\" data-e-type=\"column\">\n\t\t\t<div class=\"elementor-widget-wrap elementor-element-populated\">\n\t\t\t\t\t\t<div class=\"elementor-element elementor-element-ba8fbd2 elementor-widget elementor-widget-text-editor\" data-id=\"ba8fbd2\" data-element_type=\"widget\" data-e-type=\"widget\" data-widget_type=\"text-editor.default\">\n\t\t\t\t<div class=\"elementor-widget-container\">\n\t\t\t\t\t\t\t\t\t<p><strong>Fr\u00e9d\u00e9ric Chaine Quartet<\/strong><\/p><p><span style=\"font-weight: 400;\">Hommage \u00e0 Django Reinhardt et St\u00e9phane Grappelli<\/span><br><span style=\"font-weight: 400;\">Les Rendez-vous musicaux de Saint-Jacques<\/span><\/p><p><b>Rue du March\u00e9 au Charbon 91, 1000 Br<\/b><b>ussels<\/b><\/p>\t\t\t\t\t\t\t\t<\/div>\n\t\t\t\t<\/div>\n\t\t\t\t\t<\/div>\n\t\t<\/div>\n\t\t\t\t\t<\/div>\n\t\t<\/section>\n\t\t\t\t<section class=\"elementor-section elementor-inner-section elementor-element elementor-element-3cabbf3 elementor-section-boxed elementor-section-height-default elementor-section-height-default\" data-id=\"3cabbf3\" data-element_type=\"section\" data-e-type=\"section\">\n\t\t\t\t\t\t<div class=\"elementor-container elementor-column-gap-no\">\n\t\t\t\t\t<div class=\"elementor-column elementor-col-50 elementor-inner-column elementor-element elementor-element-d22ba72\" data-id=\"d22ba72\" data-element_type=\"column\" data-e-type=\"column\">\n\t\t\t<div class=\"elementor-widget-wrap elementor-element-populated\">\n\t\t\t\t\t\t<div class=\"elementor-element elementor-element-e1c5bc1 elementor-widget elementor-widget-text-editor\" data-id=\"e1c5bc1\" data-element_type=\"widget\" data-e-type=\"widget\" data-widget_type=\"text-editor.default\">\n\t\t\t\t<div class=\"elementor-widget-container\">\n\t\t\t\t\t\t\t\t\t<p><strong>18 juin &#8211; 18 heures<\/strong><\/p><p><strong>2023<\/strong><\/p>\t\t\t\t\t\t\t\t<\/div>\n\t\t\t\t<\/div>\n\t\t\t\t\t<\/div>\n\t\t<\/div>\n\t\t\t\t<div class=\"elementor-column elementor-col-50 elementor-inner-column elementor-element elementor-element-4d3b64f\" data-id=\"4d3b64f\" data-element_type=\"column\" data-e-type=\"column\">\n\t\t\t<div class=\"elementor-widget-wrap elementor-element-populated\">\n\t\t\t\t\t\t<div class=\"elementor-element elementor-element-f9a5f4a elementor-widget elementor-widget-text-editor\" data-id=\"f9a5f4a\" data-element_type=\"widget\" data-e-type=\"widget\" data-widget_type=\"text-editor.default\">\n\t\t\t\t<div class=\"elementor-widget-container\">\n\t\t\t\t\t\t\t\t\t<p><strong>Choeur Cantabile<\/strong><\/p><p><span style=\"font-weight: 400;\">Breton, Villette, <\/span><span style=\"font-weight: 400;\">P\u00e4rt<\/span><br><span style=\"font-weight: 400;\">Chef d\u2019orchestre : Fr\u00e9d\u00e9ric Chaine<\/span><br><span style=\"font-weight: 400;\">Notre-Dame de Nazareth de Monteux<\/span><\/p><p><strong>20 Rue Gaston Gonnet, 84170 Monteux <\/strong><\/p>\t\t\t\t\t\t\t\t<\/div>\n\t\t\t\t<\/div>\n\t\t\t\t\t<\/div>\n\t\t<\/div>\n\t\t\t\t\t<\/div>\n\t\t<\/section>\n\t\t\t\t<section class=\"elementor-section elementor-inner-section elementor-element elementor-element-12f221a elementor-section-boxed elementor-section-height-default elementor-section-height-default\" data-id=\"12f221a\" data-element_type=\"section\" data-e-type=\"section\">\n\t\t\t\t\t\t<div class=\"elementor-container elementor-column-gap-no\">\n\t\t\t\t\t<div class=\"elementor-column elementor-col-50 elementor-inner-column elementor-element elementor-element-6a650c8\" data-id=\"6a650c8\" data-element_type=\"column\" data-e-type=\"column\">\n\t\t\t<div class=\"elementor-widget-wrap elementor-element-populated\">\n\t\t\t\t\t\t<div class=\"elementor-element elementor-element-1e3ba0c elementor-widget elementor-widget-text-editor\" data-id=\"1e3ba0c\" data-element_type=\"widget\" data-e-type=\"widget\" data-widget_type=\"text-editor.default\">\n\t\t\t\t<div class=\"elementor-widget-container\">\n\t\t\t\t\t\t\t\t\t<p><strong>28 mai &#8211; 16 heures<\/strong><\/p><p><strong>2023<\/strong><\/p>\t\t\t\t\t\t\t\t<\/div>\n\t\t\t\t<\/div>\n\t\t\t\t\t<\/div>\n\t\t<\/div>\n\t\t\t\t<div class=\"elementor-column elementor-col-50 elementor-inner-column elementor-element elementor-element-a0e2d3a\" data-id=\"a0e2d3a\" data-element_type=\"column\" data-e-type=\"column\">\n\t\t\t<div class=\"elementor-widget-wrap elementor-element-populated\">\n\t\t\t\t\t\t<div class=\"elementor-element elementor-element-bc710a0 elementor-widget elementor-widget-text-editor\" data-id=\"bc710a0\" data-element_type=\"widget\" data-e-type=\"widget\" data-widget_type=\"text-editor.default\">\n\t\t\t\t<div class=\"elementor-widget-container\">\n\t\t\t\t\t\t\t\t\t<p><strong>L\u2019Ensemble Orchestral Europ\u00e9en<\/strong><\/p><p><span style=\"font-weight: 400;\">Chef d\u2019orchestre : Fr\u00e9d\u00e9ric Chaine<\/span><br><span style=\"font-weight: 400;\">Les Rendez-vous Musicaux de Saint-Jacques<\/span><\/p><p><b>Rue du March\u00e9 au Charbon 91, 1000 Br<\/b><b>ussels<\/b><\/p>\t\t\t\t\t\t\t\t<\/div>\n\t\t\t\t<\/div>\n\t\t\t\t\t<\/div>\n\t\t<\/div>\n\t\t\t\t\t<\/div>\n\t\t<\/section>\n\t\t\t\t<section class=\"elementor-section elementor-inner-section elementor-element elementor-element-695bfac elementor-section-boxed elementor-section-height-default elementor-section-height-default\" data-id=\"695bfac\" data-element_type=\"section\" data-e-type=\"section\">\n\t\t\t\t\t\t<div class=\"elementor-container elementor-column-gap-no\">\n\t\t\t\t\t<div class=\"elementor-column elementor-col-50 elementor-inner-column elementor-element elementor-element-71b857e\" data-id=\"71b857e\" data-element_type=\"column\" data-e-type=\"column\">\n\t\t\t<div class=\"elementor-widget-wrap elementor-element-populated\">\n\t\t\t\t\t\t<div class=\"elementor-element elementor-element-be38194 elementor-widget elementor-widget-text-editor\" data-id=\"be38194\" data-element_type=\"widget\" data-e-type=\"widget\" data-widget_type=\"text-editor.default\">\n\t\t\t\t<div class=\"elementor-widget-container\">\n\t\t\t\t\t\t\t\t\t<p><b>16 d\u00e9cembre &#8211; 20 heures<\/b><\/p><p><b>2022<\/b><\/p>\t\t\t\t\t\t\t\t<\/div>\n\t\t\t\t<\/div>\n\t\t\t\t\t<\/div>\n\t\t<\/div>\n\t\t\t\t<div class=\"elementor-column elementor-col-50 elementor-inner-column elementor-element elementor-element-4c487f0\" data-id=\"4c487f0\" data-element_type=\"column\" data-e-type=\"column\">\n\t\t\t<div class=\"elementor-widget-wrap elementor-element-populated\">\n\t\t\t\t\t\t<div class=\"elementor-element elementor-element-b27e268 elementor-widget elementor-widget-text-editor\" data-id=\"b27e268\" data-element_type=\"widget\" data-e-type=\"widget\" data-widget_type=\"text-editor.default\">\n\t\t\t\t<div class=\"elementor-widget-container\">\n\t\t\t\t\t\t\t\t\t<p><span style=\"text-decoration: underline;\"><strong>Hommage \u00e0 Didier Lockwood<\/strong><\/span><\/p><p>L\u2019Autre Sc\u00e8ne de l\u2019Op\u00e9ra d\u2019Avignon (Ved\u00e8ne)<\/p><p>HOMMAGE A DIDIER LOCKWOOD \u2013 <a href=\"http:\/\/operagrandavignon.fr\" target=\"_blank\" rel=\"noopener\">Op\u00e9ra Grand Avignon<\/a><\/p><p>Fr\u00e9d\u00e9ric Chaine : Violon<br>Zolt\u00e1n Kis\u00e1k : Guitare<br>J\u00e9r\u00e9mie Pellaz : Guitare<br>Jean-Baptiste Guerrier : Contrebasse<br>Fr\u00e9d\u00e9ric Borey : Saxophone<\/p>\t\t\t\t\t\t\t\t<\/div>\n\t\t\t\t<\/div>\n\t\t\t\t\t<\/div>\n\t\t<\/div>\n\t\t\t\t\t<\/div>\n\t\t<\/section>\n\t\t\t\t<section class=\"elementor-section elementor-inner-section elementor-element elementor-element-44813f1 elementor-section-boxed elementor-section-height-default elementor-section-height-default\" data-id=\"44813f1\" data-element_type=\"section\" data-e-type=\"section\">\n\t\t\t\t\t\t<div class=\"elementor-container elementor-column-gap-no\">\n\t\t\t\t\t<div class=\"elementor-column elementor-col-50 elementor-inner-column elementor-element elementor-element-bc1588e\" data-id=\"bc1588e\" data-element_type=\"column\" data-e-type=\"column\">\n\t\t\t<div class=\"elementor-widget-wrap elementor-element-populated\">\n\t\t\t\t\t\t<div class=\"elementor-element elementor-element-3ddf658 elementor-widget elementor-widget-text-editor\" data-id=\"3ddf658\" data-element_type=\"widget\" data-e-type=\"widget\" data-widget_type=\"text-editor.default\">\n\t\t\t\t<div class=\"elementor-widget-container\">\n\t\t\t\t\t\t\t\t\t<p><b>15 octobre &#8211; 16 heures<\/b><\/p><p><b>2022<\/b><\/p>\t\t\t\t\t\t\t\t<\/div>\n\t\t\t\t<\/div>\n\t\t\t\t\t<\/div>\n\t\t<\/div>\n\t\t\t\t<div class=\"elementor-column elementor-col-50 elementor-inner-column elementor-element elementor-element-2a46375\" data-id=\"2a46375\" data-element_type=\"column\" data-e-type=\"column\">\n\t\t\t<div class=\"elementor-widget-wrap elementor-element-populated\">\n\t\t\t\t\t\t<div class=\"elementor-element elementor-element-ff3d6dd elementor-widget elementor-widget-text-editor\" data-id=\"ff3d6dd\" data-element_type=\"widget\" data-e-type=\"widget\" data-widget_type=\"text-editor.default\">\n\t\t\t\t<div class=\"elementor-widget-container\">\n\t\t\t\t\t\t\t\t\t<p><span style=\"text-decoration: underline;\"><strong>Creation<\/strong><\/span><\/p><p><span style=\"font-weight: 400;\">Motets et Cantates : Tradition et Cr\u00e9ation (N\u00eemes)<\/span><br><span style=\"font-weight: 400;\">\u00c9ric Breton : Un souffle dans ton \u00e9ternit\u00e9<\/span><br><span style=\"font-weight: 400;\">\u00c9ric Breton : Le Jacob de l\u2019Ange<\/span><br><span style=\"font-weight: 400;\">Fr\u00e9d\u00e9ric Chaine : Chef d\u2019orchestre<\/span><\/p><p><span style=\"font-weight: 400;\">Ch\u0153ur Cantabile et un ensemble professionnel<\/span><\/p>\t\t\t\t\t\t\t\t<\/div>\n\t\t\t\t<\/div>\n\t\t\t\t\t<\/div>\n\t\t<\/div>\n\t\t\t\t\t<\/div>\n\t\t<\/section>\n\t\t\t\t<section class=\"elementor-section elementor-inner-section elementor-element elementor-element-02c5c49 elementor-section-boxed elementor-section-height-default elementor-section-height-default\" data-id=\"02c5c49\" data-element_type=\"section\" data-e-type=\"section\">\n\t\t\t\t\t\t<div class=\"elementor-container elementor-column-gap-no\">\n\t\t\t\t\t<div class=\"elementor-column elementor-col-50 elementor-inner-column elementor-element elementor-element-3d5e4f9\" data-id=\"3d5e4f9\" data-element_type=\"column\" data-e-type=\"column\">\n\t\t\t<div class=\"elementor-widget-wrap elementor-element-populated\">\n\t\t\t\t\t\t<div class=\"elementor-element elementor-element-c4e177f elementor-widget elementor-widget-text-editor\" data-id=\"c4e177f\" data-element_type=\"widget\" data-e-type=\"widget\" data-widget_type=\"text-editor.default\">\n\t\t\t\t<div class=\"elementor-widget-container\">\n\t\t\t\t\t\t\t\t\t<p><span style=\"font-weight: 400;\"><strong>8 octobre &#8211; 20 heures<\/strong><\/span><\/p><p><span style=\"font-weight: 400;\"><strong>2022<\/strong> <\/span><\/p>\t\t\t\t\t\t\t\t<\/div>\n\t\t\t\t<\/div>\n\t\t\t\t\t<\/div>\n\t\t<\/div>\n\t\t\t\t<div class=\"elementor-column elementor-col-50 elementor-inner-column elementor-element elementor-element-69eb3d2\" data-id=\"69eb3d2\" data-element_type=\"column\" data-e-type=\"column\">\n\t\t\t<div class=\"elementor-widget-wrap elementor-element-populated\">\n\t\t\t\t\t\t<div class=\"elementor-element elementor-element-3293733 elementor-widget elementor-widget-text-editor\" data-id=\"3293733\" data-element_type=\"widget\" data-e-type=\"widget\" data-widget_type=\"text-editor.default\">\n\t\t\t\t<div class=\"elementor-widget-container\">\n\t\t\t\t\t\t\t\t\t<p><strong>L\u2019Ensemble Orchestral Europ\u00e9en<\/strong><\/p><p><span style=\"font-weight: 400;\">Violon : Vilmos Csikos<\/span><br><span style=\"font-weight: 400;\">Chef d\u2019orchestre : Fr\u00e9d\u00e9ric Chaine<\/span><\/p><p><b>\u00c9glise Saint Marc <\/b><b>Av.De Fr\u00e9 76, 1180 Uccle<\/b><\/p>\t\t\t\t\t\t\t\t<\/div>\n\t\t\t\t<\/div>\n\t\t\t\t\t<\/div>\n\t\t<\/div>\n\t\t\t\t\t<\/div>\n\t\t<\/section>\n\t\t\t\t<section class=\"elementor-section elementor-inner-section elementor-element elementor-element-d644d42 elementor-section-boxed elementor-section-height-default elementor-section-height-default\" data-id=\"d644d42\" data-element_type=\"section\" data-e-type=\"section\">\n\t\t\t\t\t\t<div class=\"elementor-container elementor-column-gap-no\">\n\t\t\t\t\t<div class=\"elementor-column elementor-col-50 elementor-inner-column elementor-element elementor-element-b900f66\" data-id=\"b900f66\" data-element_type=\"column\" data-e-type=\"column\">\n\t\t\t<div class=\"elementor-widget-wrap elementor-element-populated\">\n\t\t\t\t\t\t<div class=\"elementor-element elementor-element-87c65dd elementor-widget elementor-widget-text-editor\" data-id=\"87c65dd\" data-element_type=\"widget\" data-e-type=\"widget\" data-widget_type=\"text-editor.default\">\n\t\t\t\t<div class=\"elementor-widget-container\">\n\t\t\t\t\t\t\t\t\t<p><b>25 ao\u00fbt &#8211; 20 h 30<\/b><\/p><p><b>2022<\/b><\/p>\t\t\t\t\t\t\t\t<\/div>\n\t\t\t\t<\/div>\n\t\t\t\t\t<\/div>\n\t\t<\/div>\n\t\t\t\t<div class=\"elementor-column elementor-col-50 elementor-inner-column elementor-element elementor-element-7036609\" data-id=\"7036609\" data-element_type=\"column\" data-e-type=\"column\">\n\t\t\t<div class=\"elementor-widget-wrap elementor-element-populated\">\n\t\t\t\t\t\t<div class=\"elementor-element elementor-element-8d98fcf elementor-widget elementor-widget-text-editor\" data-id=\"8d98fcf\" data-element_type=\"widget\" data-e-type=\"widget\" data-widget_type=\"text-editor.default\">\n\t\t\t\t<div class=\"elementor-widget-container\">\n\t\t\t\t\t\t\t\t\t<p><span style=\"text-decoration: underline;\"><strong>Hommage \u00e0 Django Reinhardt et St\u00e9phane Grappelli <\/strong><\/span><\/p><p>Music Village (Bruxelles)<\/p><p>Fr\u00e9d\u00e9ric Chaine Trio<\/p>\t\t\t\t\t\t\t\t<\/div>\n\t\t\t\t<\/div>\n\t\t\t\t\t<\/div>\n\t\t<\/div>\n\t\t\t\t\t<\/div>\n\t\t<\/section>\n\t\t\t\t<section class=\"elementor-section elementor-inner-section elementor-element elementor-element-4ee6b48 elementor-section-boxed elementor-section-height-default elementor-section-height-default\" data-id=\"4ee6b48\" data-element_type=\"section\" data-e-type=\"section\">\n\t\t\t\t\t\t<div class=\"elementor-container elementor-column-gap-no\">\n\t\t\t\t\t<div class=\"elementor-column elementor-col-50 elementor-inner-column elementor-element elementor-element-49d85af\" data-id=\"49d85af\" data-element_type=\"column\" data-e-type=\"column\">\n\t\t\t<div class=\"elementor-widget-wrap elementor-element-populated\">\n\t\t\t\t\t\t<div class=\"elementor-element elementor-element-a237094 elementor-widget elementor-widget-text-editor\" data-id=\"a237094\" data-element_type=\"widget\" data-e-type=\"widget\" data-widget_type=\"text-editor.default\">\n\t\t\t\t<div class=\"elementor-widget-container\">\n\t\t\t\t\t\t\t\t\t<p><b>du 18 au 23 Juin<\/b><\/p><p><b>2022<\/b><\/p>\t\t\t\t\t\t\t\t<\/div>\n\t\t\t\t<\/div>\n\t\t\t\t\t<\/div>\n\t\t<\/div>\n\t\t\t\t<div class=\"elementor-column elementor-col-50 elementor-inner-column elementor-element elementor-element-2b8de18\" data-id=\"2b8de18\" data-element_type=\"column\" data-e-type=\"column\">\n\t\t\t<div class=\"elementor-widget-wrap elementor-element-populated\">\n\t\t\t\t\t\t<div class=\"elementor-element elementor-element-9f43342 elementor-widget elementor-widget-text-editor\" data-id=\"9f43342\" data-element_type=\"widget\" data-e-type=\"widget\" data-widget_type=\"text-editor.default\">\n\t\t\t\t<div class=\"elementor-widget-container\">\n\t\t\t\t\t\t\t\t\t<p><span style=\"text-decoration: underline;\"><b>Concours de chef d&rsquo;orchestre<\/b><\/span><\/p><p>Brasov (Roumanie)<\/p>\t\t\t\t\t\t\t\t<\/div>\n\t\t\t\t<\/div>\n\t\t\t\t\t<\/div>\n\t\t<\/div>\n\t\t\t\t\t<\/div>\n\t\t<\/section>\n\t\t\t\t<section class=\"elementor-section elementor-inner-section elementor-element elementor-element-4c0074f elementor-section-boxed elementor-section-height-default elementor-section-height-default\" data-id=\"4c0074f\" data-element_type=\"section\" data-e-type=\"section\">\n\t\t\t\t\t\t<div class=\"elementor-container elementor-column-gap-no\">\n\t\t\t\t\t<div class=\"elementor-column elementor-col-50 elementor-inner-column elementor-element elementor-element-f1c18cc\" data-id=\"f1c18cc\" data-element_type=\"column\" data-e-type=\"column\">\n\t\t\t<div class=\"elementor-widget-wrap elementor-element-populated\">\n\t\t\t\t\t\t<div class=\"elementor-element elementor-element-42a767f elementor-widget elementor-widget-text-editor\" data-id=\"42a767f\" data-element_type=\"widget\" data-e-type=\"widget\" data-widget_type=\"text-editor.default\">\n\t\t\t\t<div class=\"elementor-widget-container\">\n\t\t\t\t\t\t\t\t\t<p><b>du 6 au 11 Juin<\/b><\/p><p><b>2022<\/b><\/p>\t\t\t\t\t\t\t\t<\/div>\n\t\t\t\t<\/div>\n\t\t\t\t\t<\/div>\n\t\t<\/div>\n\t\t\t\t<div class=\"elementor-column elementor-col-50 elementor-inner-column elementor-element elementor-element-df4340d\" data-id=\"df4340d\" data-element_type=\"column\" data-e-type=\"column\">\n\t\t\t<div class=\"elementor-widget-wrap elementor-element-populated\">\n\t\t\t\t\t\t<div class=\"elementor-element elementor-element-a4208a7 elementor-widget elementor-widget-text-editor\" data-id=\"a4208a7\" data-element_type=\"widget\" data-e-type=\"widget\" data-widget_type=\"text-editor.default\">\n\t\t\t\t<div class=\"elementor-widget-container\">\n\t\t\t\t\t\t\t\t\t<p><span style=\"text-decoration: underline;\"><b>Deuxi\u00e8me concours international de direction d&rsquo;orchestre \u00ab\u00a0Arthur Nikisch\u00a0\u00bb.<\/b><\/span><\/p><p>Pleven Sofia (Bulgarie)<\/p>\t\t\t\t\t\t\t\t<\/div>\n\t\t\t\t<\/div>\n\t\t\t\t\t<\/div>\n\t\t<\/div>\n\t\t\t\t\t<\/div>\n\t\t<\/section>\n\t\t\t\t<section class=\"elementor-section elementor-inner-section elementor-element elementor-element-dc53ff2 elementor-section-boxed elementor-section-height-default elementor-section-height-default\" data-id=\"dc53ff2\" data-element_type=\"section\" data-e-type=\"section\">\n\t\t\t\t\t\t<div class=\"elementor-container elementor-column-gap-no\">\n\t\t\t\t\t<div class=\"elementor-column elementor-col-50 elementor-inner-column elementor-element elementor-element-1436f63\" data-id=\"1436f63\" data-element_type=\"column\" data-e-type=\"column\">\n\t\t\t<div class=\"elementor-widget-wrap elementor-element-populated\">\n\t\t\t\t\t\t<div class=\"elementor-element elementor-element-9addaca elementor-widget elementor-widget-text-editor\" data-id=\"9addaca\" data-element_type=\"widget\" data-e-type=\"widget\" data-widget_type=\"text-editor.default\">\n\t\t\t\t<div class=\"elementor-widget-container\">\n\t\t\t\t\t\t\t\t\t<p><b>du 24 au 30 Mai<\/b><\/p><p><b>2022<\/b><\/p>\t\t\t\t\t\t\t\t<\/div>\n\t\t\t\t<\/div>\n\t\t\t\t\t<\/div>\n\t\t<\/div>\n\t\t\t\t<div class=\"elementor-column elementor-col-50 elementor-inner-column elementor-element elementor-element-8638801\" data-id=\"8638801\" data-element_type=\"column\" data-e-type=\"column\">\n\t\t\t<div class=\"elementor-widget-wrap elementor-element-populated\">\n\t\t\t\t\t\t<div class=\"elementor-element elementor-element-bbd2574 elementor-widget elementor-widget-text-editor\" data-id=\"bbd2574\" data-element_type=\"widget\" data-e-type=\"widget\" data-widget_type=\"text-editor.default\">\n\t\t\t\t<div class=\"elementor-widget-container\">\n\t\t\t\t\t\t\t\t\t<p><span style=\"text-decoration: underline;\"><strong>Comp\u00e9tition internationale de direction d&rsquo;orchestre \u00ab\u00a0Nino Rota\u00a0\u00bb.<\/strong><\/span><\/p><p>Auditorum Gervasio, Matera (Italie)<\/p>\t\t\t\t\t\t\t\t<\/div>\n\t\t\t\t<\/div>\n\t\t\t\t\t<\/div>\n\t\t<\/div>\n\t\t\t\t\t<\/div>\n\t\t<\/section>\n\t\t\t\t<section class=\"elementor-section elementor-inner-section elementor-element elementor-element-146ae27 elementor-section-boxed elementor-section-height-default elementor-section-height-default\" data-id=\"146ae27\" data-element_type=\"section\" data-e-type=\"section\">\n\t\t\t\t\t\t<div class=\"elementor-container elementor-column-gap-no\">\n\t\t\t\t\t<div class=\"elementor-column elementor-col-50 elementor-inner-column elementor-element elementor-element-7e2d073\" data-id=\"7e2d073\" data-element_type=\"column\" data-e-type=\"column\">\n\t\t\t<div class=\"elementor-widget-wrap elementor-element-populated\">\n\t\t\t\t\t\t<div class=\"elementor-element elementor-element-3434b6b elementor-widget elementor-widget-text-editor\" data-id=\"3434b6b\" data-element_type=\"widget\" data-e-type=\"widget\" data-widget_type=\"text-editor.default\">\n\t\t\t\t<div class=\"elementor-widget-container\">\n\t\t\t\t\t\t\t\t\t<p><b>5 mai <\/b><\/p><p><b>2022<\/b><\/p>\t\t\t\t\t\t\t\t<\/div>\n\t\t\t\t<\/div>\n\t\t\t\t\t<\/div>\n\t\t<\/div>\n\t\t\t\t<div class=\"elementor-column elementor-col-50 elementor-inner-column elementor-element elementor-element-f9b15b6\" data-id=\"f9b15b6\" data-element_type=\"column\" data-e-type=\"column\">\n\t\t\t<div class=\"elementor-widget-wrap elementor-element-populated\">\n\t\t\t\t\t\t<div class=\"elementor-element elementor-element-9e2780a elementor-widget elementor-widget-text-editor\" data-id=\"9e2780a\" data-element_type=\"widget\" data-e-type=\"widget\" data-widget_type=\"text-editor.default\">\n\t\t\t\t<div class=\"elementor-widget-container\">\n\t\t\t\t\t\t\t\t\t<p><span style=\"text-decoration: underline;\"><strong>Aaron Copland : Concerto pour clarinette et orchestre \u00e0 cordes<\/strong><\/span><\/p><p>Utopia 1 (Lausanne)<\/p><p>Ensemble de la Haute \u00c9cole de Musique de Lausanne<br>Cassio Braga : Clarinette<br>Fr\u00e9d\u00e9ric Chaine : Chef d\u2019orchestre<\/p>\t\t\t\t\t\t\t\t<\/div>\n\t\t\t\t<\/div>\n\t\t\t\t\t<\/div>\n\t\t<\/div>\n\t\t\t\t\t<\/div>\n\t\t<\/section>\n\t\t\t\t<section class=\"elementor-section elementor-inner-section elementor-element elementor-element-3b34d19 elementor-section-boxed elementor-section-height-default elementor-section-height-default\" data-id=\"3b34d19\" data-element_type=\"section\" data-e-type=\"section\">\n\t\t\t\t\t\t<div class=\"elementor-container elementor-column-gap-no\">\n\t\t\t\t\t<div class=\"elementor-column elementor-col-50 elementor-inner-column elementor-element elementor-element-36c77bb\" data-id=\"36c77bb\" data-element_type=\"column\" data-e-type=\"column\">\n\t\t\t<div class=\"elementor-widget-wrap elementor-element-populated\">\n\t\t\t\t\t\t<div class=\"elementor-element elementor-element-f0284ff elementor-widget elementor-widget-text-editor\" data-id=\"f0284ff\" data-element_type=\"widget\" data-e-type=\"widget\" data-widget_type=\"text-editor.default\">\n\t\t\t\t<div class=\"elementor-widget-container\">\n\t\t\t\t\t\t\t\t\t<p><b>F\u00e9vrier \/ Mars<br>2022<\/b><\/p>\t\t\t\t\t\t\t\t<\/div>\n\t\t\t\t<\/div>\n\t\t\t\t\t<\/div>\n\t\t<\/div>\n\t\t\t\t<div class=\"elementor-column elementor-col-50 elementor-inner-column elementor-element elementor-element-b65d20e\" data-id=\"b65d20e\" data-element_type=\"column\" data-e-type=\"column\">\n\t\t\t<div class=\"elementor-widget-wrap elementor-element-populated\">\n\t\t\t\t\t\t<div class=\"elementor-element elementor-element-9074ffa elementor-widget elementor-widget-text-editor\" data-id=\"9074ffa\" data-element_type=\"widget\" data-e-type=\"widget\" data-widget_type=\"text-editor.default\">\n\t\t\t\t<div class=\"elementor-widget-container\">\n\t\t\t\t\t\t\t\t\t<p><span style=\"text-decoration: underline;\"><b>Chef d&rsquo;orchestre assistant de Stefano Visconti \u00e0 l&rsquo;Op\u00e9ra de Monte-Carlo.<\/b><\/span><\/p><p>Choir of the Opera of Monte-Carlo<\/p><p>Berg: Wozzeck<br>Puccini: Manon Lescaut <br>Ponchielli: Gioconda<\/p>\t\t\t\t\t\t\t\t<\/div>\n\t\t\t\t<\/div>\n\t\t\t\t\t<\/div>\n\t\t<\/div>\n\t\t\t\t\t<\/div>\n\t\t<\/section>\n\t\t\t\t<section class=\"elementor-section elementor-inner-section elementor-element elementor-element-9e27506 elementor-section-boxed elementor-section-height-default elementor-section-height-default\" data-id=\"9e27506\" data-element_type=\"section\" data-e-type=\"section\">\n\t\t\t\t\t\t<div class=\"elementor-container elementor-column-gap-no\">\n\t\t\t\t\t<div class=\"elementor-column elementor-col-50 elementor-inner-column elementor-element elementor-element-724c82a\" data-id=\"724c82a\" data-element_type=\"column\" data-e-type=\"column\">\n\t\t\t<div class=\"elementor-widget-wrap elementor-element-populated\">\n\t\t\t\t\t\t<div class=\"elementor-element elementor-element-2273719 elementor-widget elementor-widget-text-editor\" data-id=\"2273719\" data-element_type=\"widget\" data-e-type=\"widget\" data-widget_type=\"text-editor.default\">\n\t\t\t\t<div class=\"elementor-widget-container\">\n\t\t\t\t\t\t\t\t\t<p><b>du 4 au 7 D\u00e9cembre<\/b><\/p><p><b>2021<\/b><\/p>\t\t\t\t\t\t\t\t<\/div>\n\t\t\t\t<\/div>\n\t\t\t\t\t<\/div>\n\t\t<\/div>\n\t\t\t\t<div class=\"elementor-column elementor-col-50 elementor-inner-column elementor-element elementor-element-205d72e\" data-id=\"205d72e\" data-element_type=\"column\" data-e-type=\"column\">\n\t\t\t<div class=\"elementor-widget-wrap elementor-element-populated\">\n\t\t\t\t\t\t<div class=\"elementor-element elementor-element-3c5fc87 elementor-widget elementor-widget-text-editor\" data-id=\"3c5fc87\" data-element_type=\"widget\" data-e-type=\"widget\" data-widget_type=\"text-editor.default\">\n\t\t\t\t<div class=\"elementor-widget-container\">\n\t\t\t\t\t\t\t\t\t<p><span style=\"text-decoration: underline;\"><strong>Premier concours international de direction d&rsquo;orchestre de l&rsquo;Universit\u00e9 d&rsquo;Almeria<\/strong><\/span><\/p><p>Carr. Sacramento, s\/n, 04120 La Ca\u00f1ada, Almer\u00eda (Espagne)<\/p>\t\t\t\t\t\t\t\t<\/div>\n\t\t\t\t<\/div>\n\t\t\t\t\t<\/div>\n\t\t<\/div>\n\t\t\t\t\t<\/div>\n\t\t<\/section>\n\t\t\t\t<section class=\"elementor-section elementor-inner-section elementor-element elementor-element-6d0816a elementor-section-boxed elementor-section-height-default elementor-section-height-default\" data-id=\"6d0816a\" data-element_type=\"section\" data-e-type=\"section\">\n\t\t\t\t\t\t<div class=\"elementor-container elementor-column-gap-no\">\n\t\t\t\t\t<div class=\"elementor-column elementor-col-50 elementor-inner-column elementor-element elementor-element-d80b562\" data-id=\"d80b562\" data-element_type=\"column\" data-e-type=\"column\">\n\t\t\t<div class=\"elementor-widget-wrap elementor-element-populated\">\n\t\t\t\t\t\t<div class=\"elementor-element elementor-element-ec512ce elementor-widget elementor-widget-text-editor\" data-id=\"ec512ce\" data-element_type=\"widget\" data-e-type=\"widget\" data-widget_type=\"text-editor.default\">\n\t\t\t\t<div class=\"elementor-widget-container\">\n\t\t\t\t\t\t\t\t\t<p><b>3 f\u00e9vrier<br>2022<\/b><\/p>\t\t\t\t\t\t\t\t<\/div>\n\t\t\t\t<\/div>\n\t\t\t\t\t<\/div>\n\t\t<\/div>\n\t\t\t\t<div class=\"elementor-column elementor-col-50 elementor-inner-column elementor-element elementor-element-d94ebea\" data-id=\"d94ebea\" data-element_type=\"column\" data-e-type=\"column\">\n\t\t\t<div class=\"elementor-widget-wrap elementor-element-populated\">\n\t\t\t\t\t\t<div class=\"elementor-element elementor-element-43ef9b9 elementor-widget elementor-widget-text-editor\" data-id=\"43ef9b9\" data-element_type=\"widget\" data-e-type=\"widget\" data-widget_type=\"text-editor.default\">\n\t\t\t\t<div class=\"elementor-widget-container\">\n\t\t\t\t\t\t\t\t\t<p><span style=\"text-decoration: underline;\"><strong>Hommage \u00e0 Duke Ellington et St\u00e9phane Grappelli &#8211; 20h30<\/strong><\/span><\/p><p>Music Village (Bruxelles)<\/p><p>Fr\u00e9d\u00e9ric Chaine : Violon<br>Wajdi Riahi : Piano<\/p>\t\t\t\t\t\t\t\t<\/div>\n\t\t\t\t<\/div>\n\t\t\t\t\t<\/div>\n\t\t<\/div>\n\t\t\t\t\t<\/div>\n\t\t<\/section>\n\t\t\t\t<section class=\"elementor-section elementor-inner-section elementor-element elementor-element-2af5352 elementor-section-boxed elementor-section-height-default elementor-section-height-default\" data-id=\"2af5352\" data-element_type=\"section\" data-e-type=\"section\">\n\t\t\t\t\t\t<div class=\"elementor-container elementor-column-gap-no\">\n\t\t\t\t\t<div class=\"elementor-column elementor-col-50 elementor-inner-column elementor-element elementor-element-e648407\" data-id=\"e648407\" data-element_type=\"column\" data-e-type=\"column\">\n\t\t\t<div class=\"elementor-widget-wrap elementor-element-populated\">\n\t\t\t\t\t\t<div class=\"elementor-element elementor-element-f9655de elementor-widget elementor-widget-text-editor\" data-id=\"f9655de\" data-element_type=\"widget\" data-e-type=\"widget\" data-widget_type=\"text-editor.default\">\n\t\t\t\t<div class=\"elementor-widget-container\">\n\t\t\t\t\t\t\t\t\t<p><b>16 Octobre<br>2021<\/b><\/p>\t\t\t\t\t\t\t\t<\/div>\n\t\t\t\t<\/div>\n\t\t\t\t\t<\/div>\n\t\t<\/div>\n\t\t\t\t<div class=\"elementor-column elementor-col-50 elementor-inner-column elementor-element elementor-element-0d3d624\" data-id=\"0d3d624\" data-element_type=\"column\" data-e-type=\"column\">\n\t\t\t<div class=\"elementor-widget-wrap elementor-element-populated\">\n\t\t\t\t\t\t<div class=\"elementor-element elementor-element-f58098a elementor-widget elementor-widget-text-editor\" data-id=\"f58098a\" data-element_type=\"widget\" data-e-type=\"widget\" data-widget_type=\"text-editor.default\">\n\t\t\t\t<div class=\"elementor-widget-container\">\n\t\t\t\t\t\t\t\t\t<p><span style=\"text-decoration: underline;\"><strong>Hommage \u00e0 Grappelli et Django Reinhardt &#8211; 20h30<br><br><\/strong><\/span>L\u2019Autre Sc\u00e8ne de l\u2019Op\u00e9ra d\u2019Avignon (Ved\u00e8ne)<br><br>HOMMAGE A DJANGO REINHARDT ET ST\u00c9PHANE GRAPPELLI &#8211; Op\u00e9ra Grand AvignonOp\u00e9ra Grand Avignon (operagrandavignon.fr)<br><br>Fr\u00e9d\u00e9ric Chaine, Violin <br>Zolt\u00e1n Kis\u00e1k, Guitar<br>J\u00e9r\u00e9mie Pellaz, Guitar<br>Jean Baptiste Guerrier, Double Basse<\/p>\t\t\t\t\t\t\t\t<\/div>\n\t\t\t\t<\/div>\n\t\t\t\t\t<\/div>\n\t\t<\/div>\n\t\t\t\t\t<\/div>\n\t\t<\/section>\n\t\t\t\t<section class=\"elementor-section elementor-inner-section elementor-element elementor-element-bbd2a89 elementor-section-boxed elementor-section-height-default elementor-section-height-default\" data-id=\"bbd2a89\" data-element_type=\"section\" data-e-type=\"section\">\n\t\t\t\t\t\t<div class=\"elementor-container elementor-column-gap-no\">\n\t\t\t\t\t<div class=\"elementor-column elementor-col-50 elementor-inner-column elementor-element elementor-element-8557e68\" data-id=\"8557e68\" data-element_type=\"column\" data-e-type=\"column\">\n\t\t\t<div class=\"elementor-widget-wrap elementor-element-populated\">\n\t\t\t\t\t\t<div class=\"elementor-element elementor-element-b28b469 elementor-widget elementor-widget-text-editor\" data-id=\"b28b469\" data-element_type=\"widget\" data-e-type=\"widget\" data-widget_type=\"text-editor.default\">\n\t\t\t\t<div class=\"elementor-widget-container\">\n\t\t\t\t\t\t\t\t\t<p><b>6 Octobre<br>2021<\/b><\/p>\t\t\t\t\t\t\t\t<\/div>\n\t\t\t\t<\/div>\n\t\t\t\t\t<\/div>\n\t\t<\/div>\n\t\t\t\t<div class=\"elementor-column elementor-col-50 elementor-inner-column elementor-element elementor-element-4e45c7b\" data-id=\"4e45c7b\" data-element_type=\"column\" data-e-type=\"column\">\n\t\t\t<div class=\"elementor-widget-wrap elementor-element-populated\">\n\t\t\t\t\t\t<div class=\"elementor-element elementor-element-a879e68 elementor-widget elementor-widget-text-editor\" data-id=\"a879e68\" data-element_type=\"widget\" data-e-type=\"widget\" data-widget_type=\"text-editor.default\">\n\t\t\t\t<div class=\"elementor-widget-container\">\n\t\t\t\t\t\t\t\t\t<p><span style=\"text-decoration: underline;\"><strong>L\u2019apprenti Sorcier &#8211; 17h00<\/strong><\/span><\/p><p>Musique entre les lignes (Lausanne)<\/p><p>Paul Dukas, L\u2019Apprenti Sorcier<br>Fr\u00e9d\u00e9ric Chaine, conductor and mediator<br>Orchestre de la Haute \u00e9cole de Musique de Lausanne<\/p>\t\t\t\t\t\t\t\t<\/div>\n\t\t\t\t<\/div>\n\t\t\t\t\t<\/div>\n\t\t<\/div>\n\t\t\t\t\t<\/div>\n\t\t<\/section>\n\t\t\t\t\t<\/div>\n\t\t<\/div>\n\t\t\t\t\t<\/div>\n\t\t<\/section>\n\t\t\t\t<\/div>\n\t\t","protected":false},"excerpt":{"rendered":"<p>Calendrier 13 Novembre 13h30 et 20h00 2026 L\u2019Ensemble Orchestral Europ\u00e9en Les Secrets d\u2019un Op\u00e9ra : La Fl\u00fbte enchant\u00e9e Direction, Fr\u00e9d\u00e9ric Chaine W:Halll Av. Charles Thielemans 93, 1150 Woluwe-Saint-Pierre 3 Octobre 20h30 2026 Ch\u0153ur Cantabile Stabat Mater Dvo\u0159\u00e1k Direction, Fr\u00e9d\u00e9ric Chaine Coll\u00e9giale de Villeneuve lez Avignon Place Meissonnier, 30400 Villeneuve-l\u00e8s-Avignon 30 Septembre 19h30 2026 Fr\u00e9d\u00e9ric Chaine [&hellip;]<\/p>\n","protected":false},"author":1,"featured_media":1246,"parent":0,"menu_order":0,"comment_status":"closed","ping_status":"closed","template":"elementor_header_footer","meta":{"footnotes":""},"class_list":["post-1389","page","type-page","status-publish","has-post-thumbnail","hentry"],"_links":{"self":[{"href":"https:\/\/fredericchaine.com\/fr\/wp-json\/wp\/v2\/pages\/1389","targetHints":{"allow":["GET"]}}],"collection":[{"href":"https:\/\/fredericchaine.com\/fr\/wp-json\/wp\/v2\/pages"}],"about":[{"href":"https:\/\/fredericchaine.com\/fr\/wp-json\/wp\/v2\/types\/page"}],"author":[{"embeddable":true,"href":"https:\/\/fredericchaine.com\/fr\/wp-json\/wp\/v2\/users\/1"}],"replies":[{"embeddable":true,"href":"https:\/\/fredericchaine.com\/fr\/wp-json\/wp\/v2\/comments?post=1389"}],"version-history":[{"count":136,"href":"https:\/\/fredericchaine.com\/fr\/wp-json\/wp\/v2\/pages\/1389\/revisions"}],"predecessor-version":[{"id":3442,"href":"https:\/\/fredericchaine.com\/fr\/wp-json\/wp\/v2\/pages\/1389\/revisions\/3442"}],"wp:featuredmedia":[{"embeddable":true,"href":"https:\/\/fredericchaine.com\/fr\/wp-json\/wp\/v2\/media\/1246"}],"wp:attachment":[{"href":"https:\/\/fredericchaine.com\/fr\/wp-json\/wp\/v2\/media?parent=1389"}],"curies":[{"name":"wp","href":"https:\/\/api.w.org\/{rel}","templated":true}]}}